{"id":1042,"date":"2022-04-26T17:23:30","date_gmt":"2022-04-26T20:23:30","guid":{"rendered":"https:\/\/www.blogs.unicamp.br\/cienciaepolitica\/?page_id=2"},"modified":"2022-04-26T17:23:30","modified_gmt":"2022-04-26T20:23:30","slug":"pagina-exemplo","status":"publish","type":"page","link":"https:\/\/www.blogs.unicamp.br\/cienciaepolitica\/pagina-exemplo\/","title":{"rendered":""},"content":{"rendered":"<nav class=\"has-small-font-size items-justified-center alignfull wp-block-navigation is-content-justification-center is-layout-flex wp-container-core-navigation-is-layout-a89b3969 wp-block-navigation-is-layout-flex\" aria-label=\"Drawer\"><ul class=\"wp-block-navigation__container has-small-font-size items-justified-center alignfull wp-block-navigation has-small-font-size\"><li class=\"has-small-font-size wp-block-navigation-item wp-block-navigation-link\"><a class=\"wp-block-navigation-item__content\"  href=\"https:\/\/www.blogs.unicamp.br\/cienciaepolitica\/category\/editorial\/\"><span class=\"wp-block-navigation-item__label\">Editorial<\/span><\/a><\/li><li class=\"has-small-font-size wp-block-navigation-item wp-block-navigation-link\"><a class=\"wp-block-navigation-item__content\"  href=\"https:\/\/www.blogs.unicamp.br\/cienciaepolitica\/category\/2022\/comunicacao-e-desinformacao\/\"><span class=\"wp-block-navigation-item__label\">Comunica\u00e7\u00e3o e Desinforma\u00e7\u00e3o<\/span><\/a><\/li><li class=\"has-small-font-size wp-block-navigation-item wp-block-navigation-link\"><a class=\"wp-block-navigation-item__content\"  href=\"https:\/\/www.blogs.unicamp.br\/cienciaepolitica\/category\/2022\/economia\/\"><span class=\"wp-block-navigation-item__label\">Economia<\/span><\/a><\/li><li class=\"has-small-font-size wp-block-navigation-item wp-block-navigation-link\"><a class=\"wp-block-navigation-item__content\"  href=\"https:\/\/www.blogs.unicamp.br\/cienciaepolitica\/category\/2022\/educacao\/\"><span class=\"wp-block-navigation-item__label\">Educa\u00e7\u00e3o<\/span><\/a><\/li><li class=\"has-small-font-size wp-block-navigation-item wp-block-navigation-link\"><a class=\"wp-block-navigation-item__content\"  href=\"https:\/\/www.blogs.unicamp.br\/cienciaepolitica\/category\/2022\/historia-e-sociedade\/\"><span class=\"wp-block-navigation-item__label\">Hist\u00f3ria e Sociedade<\/span><\/a><\/li><li class=\"has-small-font-size wp-block-navigation-item wp-block-navigation-link\"><a class=\"wp-block-navigation-item__content\"  href=\"https:\/\/www.blogs.unicamp.br\/cienciaepolitica\/category\/2022\/meio-ambiente\/\"><span class=\"wp-block-navigation-item__label\">Meio Ambiente<\/span><\/a><\/li><li class=\"has-small-font-size wp-block-navigation-item wp-block-navigation-link\"><a class=\"wp-block-navigation-item__content\"  href=\"https:\/\/www.blogs.unicamp.br\/cienciaepolitica\/category\/2022\/politicas-publicas\/\"><span class=\"wp-block-navigation-item__label\">Pol\u00edticas P\u00fablicas<\/span><\/a><\/li><li class=\"has-small-font-size wp-block-navigation-item wp-block-navigation-link\"><a class=\"wp-block-navigation-item__content\"  href=\"https:\/\/www.blogs.unicamp.br\/cienciaepolitica\/category\/eleicoes-2018\/propostas-18\/\"><span class=\"wp-block-navigation-item__label\">Propostas e planos de governo<\/span><\/a><\/li><li class=\"has-small-font-size wp-block-navigation-item wp-block-navigation-link\"><a class=\"wp-block-navigation-item__content\"  href=\"https:\/\/www.blogs.unicamp.br\/cienciaepolitica\/category\/2022\/saude\/\"><span class=\"wp-block-navigation-item__label\">Sa\u00fade<\/span><\/a><\/li><\/ul><\/nav>\n\n\n<div style=\"height:22px\" aria-hidden=\"true\" class=\"wp-block-spacer eplus-wrapper\"><\/div>\n\n\n\n<div class=\"wp-block-query eplus-wrapper has-foreground-color has-text-color is-layout-constrained wp-container-core-query-is-layout-2e7e36b0 wp-block-query-is-layout-constrained\"><ul class=\"wp-block-post-template is-layout-flow wp-block-post-template-is-layout-flow\"><li class=\"wp-block-post post-1129 post type-post status-publish format-standard has-post-thumbnail hentry category-meio-ambiente category-propostas-22 tag-meio-ambiente tag-politica tag-populacoes-indigenas\">\n\n<div class=\"wp-block-columns are-vertically-aligned-center eplus-wrapper is-layout-flex wp-container-core-columns-is-layout-28f84493 wp-block-columns-is-layout-flex\">\n<div class=\"wp-block-column is-vertically-aligned-center eplus-wrapper is-layout-flow wp-block-column-is-layout-flow\" style=\"flex-basis:66.66%\"><figure class=\"wp-block-post-featured-image wp-duotone-0c003a-rgb2502290-1\"><a href=\"https:\/\/www.blogs.unicamp.br\/cienciaepolitica\/2026\/03\/04\/territoriodisputa\/\" target=\"_self\"  ><img fetchpriority=\"high\" decoding=\"async\" width=\"1920\" height=\"1080\" src=\"https:\/\/www.blogs.unicamp.br\/cienciaepolitica\/wp-content\/uploads\/sites\/290\/2026\/03\/Copia-de-cop30-fachada.jpg\" class=\"attachment-post-thumbnail size-post-thumbnail wp-post-image\" alt=\"Territ\u00f3rios em disputa ap\u00f3s a COP30\" style=\"object-fit:cover;\" srcset=\"https:\/\/www.blogs.unicamp.br\/cienciaepolitica\/wp-content\/uploads\/sites\/290\/2026\/03\/Copia-de-cop30-fachada.jpg 1920w, https:\/\/www.blogs.unicamp.br\/cienciaepolitica\/wp-content\/uploads\/sites\/290\/2026\/03\/Copia-de-cop30-fachada-300x169.jpg 300w, https:\/\/www.blogs.unicamp.br\/cienciaepolitica\/wp-content\/uploads\/sites\/290\/2026\/03\/Copia-de-cop30-fachada-1024x576.jpg 1024w, https:\/\/www.blogs.unicamp.br\/cienciaepolitica\/wp-content\/uploads\/sites\/290\/2026\/03\/Copia-de-cop30-fachada-768x432.jpg 768w, https:\/\/www.blogs.unicamp.br\/cienciaepolitica\/wp-content\/uploads\/sites\/290\/2026\/03\/Copia-de-cop30-fachada-1536x864.jpg 1536w, https:\/\/www.blogs.unicamp.br\/cienciaepolitica\/wp-content\/uploads\/sites\/290\/2026\/03\/Copia-de-cop30-fachada-500x281.jpg 500w, https:\/\/www.blogs.unicamp.br\/cienciaepolitica\/wp-content\/uploads\/sites\/290\/2026\/03\/Copia-de-cop30-fachada-800x450.jpg 800w, https:\/\/www.blogs.unicamp.br\/cienciaepolitica\/wp-content\/uploads\/sites\/290\/2026\/03\/Copia-de-cop30-fachada-1280x720.jpg 1280w\" sizes=\"(max-width: 1920px) 100vw, 1920px\" \/><\/a><\/figure><\/div>\n\n\n\n<div class=\"wp-block-column is-vertically-aligned-center eplus-wrapper is-layout-flow wp-block-column-is-layout-flow\" style=\"flex-basis:33.33%\"><h4 style=\"font-style:normal;font-weight:700; margin-top:20px;margin-right:20px;margin-bottom:20px;margin-left:20px;\" class=\"has-link-color wp-elements-0d5534d15408dced2f1a521f7b4a9bbe wp-block-post-title has-text-color has-secondary-color\"><a href=\"https:\/\/www.blogs.unicamp.br\/cienciaepolitica\/2026\/03\/04\/territoriodisputa\/\" target=\"_self\" >Territ\u00f3rios em disputa ap\u00f3s a COP30<\/a><\/h4>\n\n<div style=\"font-style:normal;font-weight:700\" class=\"taxonomy-category has-text-align-center has-link-color wp-elements-f174ecd900ab612ceaa360815bc9e731 wp-block-post-terms has-text-color has-foreground-color has-background has-secondary-background-color\"><a href=\"https:\/\/www.blogs.unicamp.br\/cienciaepolitica\/category\/2022\/meio-ambiente\/\" rel=\"tag\">Meio Ambiente<\/a><span class=\"wp-block-post-terms__separator\">, <\/span><a href=\"https:\/\/www.blogs.unicamp.br\/cienciaepolitica\/category\/2022\/propostas-22\/\" rel=\"tag\">Propostas e planos de governo<\/a><\/div><\/div>\n<\/div>\n\n<\/li><li class=\"wp-block-post post-1112 post type-post status-publish format-standard has-post-thumbnail hentry category-sem-categoria tag-meio-ambiente tag-musica tag-politica\">\n\n<div class=\"wp-block-columns are-vertically-aligned-center eplus-wrapper is-layout-flex wp-container-core-columns-is-layout-28f84493 wp-block-columns-is-layout-flex\">\n<div class=\"wp-block-column is-vertically-aligned-center eplus-wrapper is-layout-flow wp-block-column-is-layout-flow\" style=\"flex-basis:66.66%\"><figure class=\"wp-block-post-featured-image wp-duotone-0c003a-rgb2502290-2\"><a href=\"https:\/\/www.blogs.unicamp.br\/cienciaepolitica\/2026\/02\/02\/luta-ambiental-latino-americana\/\" target=\"_self\"  ><img decoding=\"async\" width=\"1920\" height=\"1080\" src=\"https:\/\/www.blogs.unicamp.br\/cienciaepolitica\/wp-content\/uploads\/sites\/290\/2026\/02\/luta-latino-americana-.jpg\" class=\"attachment-post-thumbnail size-post-thumbnail wp-post-image\" alt=\"A luta latino-americana \u00e9 ambiental: arte e resist\u00eancia\" style=\"object-fit:cover;\" srcset=\"https:\/\/www.blogs.unicamp.br\/cienciaepolitica\/wp-content\/uploads\/sites\/290\/2026\/02\/luta-latino-americana-.jpg 1920w, https:\/\/www.blogs.unicamp.br\/cienciaepolitica\/wp-content\/uploads\/sites\/290\/2026\/02\/luta-latino-americana--300x169.jpg 300w, https:\/\/www.blogs.unicamp.br\/cienciaepolitica\/wp-content\/uploads\/sites\/290\/2026\/02\/luta-latino-americana--1024x576.jpg 1024w, https:\/\/www.blogs.unicamp.br\/cienciaepolitica\/wp-content\/uploads\/sites\/290\/2026\/02\/luta-latino-americana--768x432.jpg 768w, https:\/\/www.blogs.unicamp.br\/cienciaepolitica\/wp-content\/uploads\/sites\/290\/2026\/02\/luta-latino-americana--1536x864.jpg 1536w, https:\/\/www.blogs.unicamp.br\/cienciaepolitica\/wp-content\/uploads\/sites\/290\/2026\/02\/luta-latino-americana--500x281.jpg 500w, https:\/\/www.blogs.unicamp.br\/cienciaepolitica\/wp-content\/uploads\/sites\/290\/2026\/02\/luta-latino-americana--800x450.jpg 800w, https:\/\/www.blogs.unicamp.br\/cienciaepolitica\/wp-content\/uploads\/sites\/290\/2026\/02\/luta-latino-americana--1280x720.jpg 1280w\" sizes=\"(max-width: 1920px) 100vw, 1920px\" \/><\/a><\/figure><\/div>\n\n\n\n<div class=\"wp-block-column is-vertically-aligned-center eplus-wrapper is-layout-flow wp-block-column-is-layout-flow\" style=\"flex-basis:33.33%\"><h4 style=\"font-style:normal;font-weight:700; margin-top:20px;margin-right:20px;margin-bottom:20px;margin-left:20px;\" class=\"has-link-color wp-elements-0d5534d15408dced2f1a521f7b4a9bbe wp-block-post-title has-text-color has-secondary-color\"><a href=\"https:\/\/www.blogs.unicamp.br\/cienciaepolitica\/2026\/02\/02\/luta-ambiental-latino-americana\/\" target=\"_self\" >A luta latino-americana \u00e9 ambiental: arte e resist\u00eancia<\/a><\/h4>\n\n<div style=\"font-style:normal;font-weight:700\" class=\"taxonomy-category has-text-align-center has-link-color wp-elements-f174ecd900ab612ceaa360815bc9e731 wp-block-post-terms has-text-color has-foreground-color has-background has-secondary-background-color\"><a href=\"https:\/\/www.blogs.unicamp.br\/cienciaepolitica\/category\/sem-categoria\/\" rel=\"tag\">Sem categoria<\/a><\/div><\/div>\n<\/div>\n\n<\/li><li class=\"wp-block-post post-1101 post type-post status-publish format-standard has-post-thumbnail hentry category-politicas-publicas category-meio-ambiente category-politica tag-cop30 tag-meio-ambiente tag-politica\">\n\n<div class=\"wp-block-columns are-vertically-aligned-center eplus-wrapper is-layout-flex wp-container-core-columns-is-layout-28f84493 wp-block-columns-is-layout-flex\">\n<div class=\"wp-block-column is-vertically-aligned-center eplus-wrapper is-layout-flow wp-block-column-is-layout-flow\" style=\"flex-basis:66.66%\"><figure class=\"wp-block-post-featured-image wp-duotone-0c003a-rgb2502290-3\"><a href=\"https:\/\/www.blogs.unicamp.br\/cienciaepolitica\/2026\/01\/12\/cop30-experiencia\/\" target=\"_self\"  ><img decoding=\"async\" width=\"1920\" height=\"1080\" src=\"https:\/\/www.blogs.unicamp.br\/cienciaepolitica\/wp-content\/uploads\/sites\/290\/2026\/01\/Copia-de-Meio-ambiente-e-conceito.jpg\" class=\"attachment-post-thumbnail size-post-thumbnail wp-post-image\" alt=\"COP 30: ci\u00eancia, pol\u00edtica e experi\u00eancia.\" style=\"object-fit:cover;\" srcset=\"https:\/\/www.blogs.unicamp.br\/cienciaepolitica\/wp-content\/uploads\/sites\/290\/2026\/01\/Copia-de-Meio-ambiente-e-conceito.jpg 1920w, https:\/\/www.blogs.unicamp.br\/cienciaepolitica\/wp-content\/uploads\/sites\/290\/2026\/01\/Copia-de-Meio-ambiente-e-conceito-300x169.jpg 300w, https:\/\/www.blogs.unicamp.br\/cienciaepolitica\/wp-content\/uploads\/sites\/290\/2026\/01\/Copia-de-Meio-ambiente-e-conceito-1024x576.jpg 1024w, https:\/\/www.blogs.unicamp.br\/cienciaepolitica\/wp-content\/uploads\/sites\/290\/2026\/01\/Copia-de-Meio-ambiente-e-conceito-768x432.jpg 768w, https:\/\/www.blogs.unicamp.br\/cienciaepolitica\/wp-content\/uploads\/sites\/290\/2026\/01\/Copia-de-Meio-ambiente-e-conceito-1536x864.jpg 1536w, https:\/\/www.blogs.unicamp.br\/cienciaepolitica\/wp-content\/uploads\/sites\/290\/2026\/01\/Copia-de-Meio-ambiente-e-conceito-500x281.jpg 500w, https:\/\/www.blogs.unicamp.br\/cienciaepolitica\/wp-content\/uploads\/sites\/290\/2026\/01\/Copia-de-Meio-ambiente-e-conceito-800x450.jpg 800w, https:\/\/www.blogs.unicamp.br\/cienciaepolitica\/wp-content\/uploads\/sites\/290\/2026\/01\/Copia-de-Meio-ambiente-e-conceito-1280x720.jpg 1280w\" sizes=\"(max-width: 1920px) 100vw, 1920px\" \/><\/a><\/figure><\/div>\n\n\n\n<div class=\"wp-block-column is-vertically-aligned-center eplus-wrapper is-layout-flow wp-block-column-is-layout-flow\" style=\"flex-basis:33.33%\"><h4 style=\"font-style:normal;font-weight:700; margin-top:20px;margin-right:20px;margin-bottom:20px;margin-left:20px;\" class=\"has-link-color wp-elements-0d5534d15408dced2f1a521f7b4a9bbe wp-block-post-title has-text-color has-secondary-color\"><a href=\"https:\/\/www.blogs.unicamp.br\/cienciaepolitica\/2026\/01\/12\/cop30-experiencia\/\" target=\"_self\" >COP 30: ci\u00eancia, pol\u00edtica e experi\u00eancia.<\/a><\/h4>\n\n<div style=\"font-style:normal;font-weight:700\" class=\"taxonomy-category has-text-align-center has-link-color wp-elements-f174ecd900ab612ceaa360815bc9e731 wp-block-post-terms has-text-color has-foreground-color has-background has-secondary-background-color\"><a href=\"https:\/\/www.blogs.unicamp.br\/cienciaepolitica\/category\/2022\/politicas-publicas\/\" rel=\"tag\">Pol\u00edticas P\u00fablicas<\/a><span class=\"wp-block-post-terms__separator\">, <\/span><a href=\"https:\/\/www.blogs.unicamp.br\/cienciaepolitica\/category\/2022\/meio-ambiente\/\" rel=\"tag\">Meio Ambiente<\/a><span class=\"wp-block-post-terms__separator\">, <\/span><a href=\"https:\/\/www.blogs.unicamp.br\/cienciaepolitica\/category\/eleicoes-2018\/politica\/\" rel=\"tag\">Pol\u00edtica<\/a><\/div><\/div>\n<\/div>\n\n<\/li><li class=\"wp-block-post post-1082 post type-post status-publish format-standard has-post-thumbnail hentry category-meio-ambiente category-licenciamento-ambiental category-politica-internacional category-politicas-publicas tag-lula-na-onu tag-meio-ambiente tag-mudancas-climaticas tag-politica tag-politica-ambiental-brasileira\">\n\n<div class=\"wp-block-columns are-vertically-aligned-center eplus-wrapper is-layout-flex wp-container-core-columns-is-layout-28f84493 wp-block-columns-is-layout-flex\">\n<div class=\"wp-block-column is-vertically-aligned-center eplus-wrapper is-layout-flow wp-block-column-is-layout-flow\" style=\"flex-basis:66.66%\"><figure class=\"wp-block-post-featured-image wp-duotone-0c003a-rgb2502290-4\"><a href=\"https:\/\/www.blogs.unicamp.br\/cienciaepolitica\/2025\/10\/09\/do-palco-internacional-ao-congresso-nacional-o-desafio-da-politica-ambiental-brasileira\/\" target=\"_self\"  ><img loading=\"lazy\" decoding=\"async\" width=\"1920\" height=\"1080\" src=\"https:\/\/www.blogs.unicamp.br\/cienciaepolitica\/wp-content\/uploads\/sites\/290\/2025\/10\/PALCO-INTERNACIONAL-X-CONGRESSO-NACIONAL.jpg\" class=\"attachment-post-thumbnail size-post-thumbnail wp-post-image\" alt=\"Do palco internacional ao Congresso nacional: o desafio da pol\u00edtica ambiental brasileira.\" style=\"object-fit:cover;\" srcset=\"https:\/\/www.blogs.unicamp.br\/cienciaepolitica\/wp-content\/uploads\/sites\/290\/2025\/10\/PALCO-INTERNACIONAL-X-CONGRESSO-NACIONAL.jpg 1920w, https:\/\/www.blogs.unicamp.br\/cienciaepolitica\/wp-content\/uploads\/sites\/290\/2025\/10\/PALCO-INTERNACIONAL-X-CONGRESSO-NACIONAL-300x169.jpg 300w, https:\/\/www.blogs.unicamp.br\/cienciaepolitica\/wp-content\/uploads\/sites\/290\/2025\/10\/PALCO-INTERNACIONAL-X-CONGRESSO-NACIONAL-1024x576.jpg 1024w, https:\/\/www.blogs.unicamp.br\/cienciaepolitica\/wp-content\/uploads\/sites\/290\/2025\/10\/PALCO-INTERNACIONAL-X-CONGRESSO-NACIONAL-768x432.jpg 768w, https:\/\/www.blogs.unicamp.br\/cienciaepolitica\/wp-content\/uploads\/sites\/290\/2025\/10\/PALCO-INTERNACIONAL-X-CONGRESSO-NACIONAL-1536x864.jpg 1536w, https:\/\/www.blogs.unicamp.br\/cienciaepolitica\/wp-content\/uploads\/sites\/290\/2025\/10\/PALCO-INTERNACIONAL-X-CONGRESSO-NACIONAL-500x281.jpg 500w, https:\/\/www.blogs.unicamp.br\/cienciaepolitica\/wp-content\/uploads\/sites\/290\/2025\/10\/PALCO-INTERNACIONAL-X-CONGRESSO-NACIONAL-800x450.jpg 800w, https:\/\/www.blogs.unicamp.br\/cienciaepolitica\/wp-content\/uploads\/sites\/290\/2025\/10\/PALCO-INTERNACIONAL-X-CONGRESSO-NACIONAL-1280x720.jpg 1280w\" sizes=\"(max-width: 1920px) 100vw, 1920px\" \/><\/a><\/figure><\/div>\n\n\n\n<div class=\"wp-block-column is-vertically-aligned-center eplus-wrapper is-layout-flow wp-block-column-is-layout-flow\" style=\"flex-basis:33.33%\"><h4 style=\"font-style:normal;font-weight:700; margin-top:20px;margin-right:20px;margin-bottom:20px;margin-left:20px;\" class=\"has-link-color wp-elements-0d5534d15408dced2f1a521f7b4a9bbe wp-block-post-title has-text-color has-secondary-color\"><a href=\"https:\/\/www.blogs.unicamp.br\/cienciaepolitica\/2025\/10\/09\/do-palco-internacional-ao-congresso-nacional-o-desafio-da-politica-ambiental-brasileira\/\" target=\"_self\" >Do palco internacional ao Congresso nacional: o desafio da pol\u00edtica ambiental brasileira.<\/a><\/h4>\n\n<div style=\"font-style:normal;font-weight:700\" class=\"taxonomy-category has-text-align-center has-link-color wp-elements-f174ecd900ab612ceaa360815bc9e731 wp-block-post-terms has-text-color has-foreground-color has-background has-secondary-background-color\"><a href=\"https:\/\/www.blogs.unicamp.br\/cienciaepolitica\/category\/2022\/meio-ambiente\/\" rel=\"tag\">Meio Ambiente<\/a><span class=\"wp-block-post-terms__separator\">, <\/span><a href=\"https:\/\/www.blogs.unicamp.br\/cienciaepolitica\/category\/projeto-de-lei\/licenciamento-ambiental\/\" rel=\"tag\">Licenciamento Ambiental<\/a><span class=\"wp-block-post-terms__separator\">, <\/span><a href=\"https:\/\/www.blogs.unicamp.br\/cienciaepolitica\/category\/eleicoes-2018\/politica\/politica-internacional\/\" rel=\"tag\">Pol\u00edtica Internacional<\/a><span class=\"wp-block-post-terms__separator\">, <\/span><a href=\"https:\/\/www.blogs.unicamp.br\/cienciaepolitica\/category\/2022\/politicas-publicas\/\" rel=\"tag\">Pol\u00edticas P\u00fablicas<\/a><\/div><\/div>\n<\/div>\n\n<\/li><li class=\"wp-block-post post-1057 post type-post status-publish format-standard has-post-thumbnail hentry category-meio-ambiente tag-ciencia tag-meio-ambiente tag-politica\">\n\n<div class=\"wp-block-columns are-vertically-aligned-center eplus-wrapper is-layout-flex wp-container-core-columns-is-layout-28f84493 wp-block-columns-is-layout-flex\">\n<div class=\"wp-block-column is-vertically-aligned-center eplus-wrapper is-layout-flow wp-block-column-is-layout-flow\" style=\"flex-basis:66.66%\"><figure class=\"wp-block-post-featured-image wp-duotone-0c003a-rgb2502290-5\"><a href=\"https:\/\/www.blogs.unicamp.br\/cienciaepolitica\/2025\/07\/31\/meio-ambiente-e-conceito\/\" target=\"_self\"  ><img loading=\"lazy\" decoding=\"async\" width=\"1920\" height=\"1080\" src=\"https:\/\/www.blogs.unicamp.br\/cienciaepolitica\/wp-content\/uploads\/sites\/290\/2025\/07\/Meio-ambiente-e-conceito.png\" class=\"attachment-post-thumbnail size-post-thumbnail wp-post-image\" alt=\"Meio ambiente \u00e9 conceito\" style=\"object-fit:cover;\" srcset=\"https:\/\/www.blogs.unicamp.br\/cienciaepolitica\/wp-content\/uploads\/sites\/290\/2025\/07\/Meio-ambiente-e-conceito.png 1920w, https:\/\/www.blogs.unicamp.br\/cienciaepolitica\/wp-content\/uploads\/sites\/290\/2025\/07\/Meio-ambiente-e-conceito-300x169.png 300w, https:\/\/www.blogs.unicamp.br\/cienciaepolitica\/wp-content\/uploads\/sites\/290\/2025\/07\/Meio-ambiente-e-conceito-1024x576.png 1024w, https:\/\/www.blogs.unicamp.br\/cienciaepolitica\/wp-content\/uploads\/sites\/290\/2025\/07\/Meio-ambiente-e-conceito-768x432.png 768w, https:\/\/www.blogs.unicamp.br\/cienciaepolitica\/wp-content\/uploads\/sites\/290\/2025\/07\/Meio-ambiente-e-conceito-1536x864.png 1536w, https:\/\/www.blogs.unicamp.br\/cienciaepolitica\/wp-content\/uploads\/sites\/290\/2025\/07\/Meio-ambiente-e-conceito-500x281.png 500w, https:\/\/www.blogs.unicamp.br\/cienciaepolitica\/wp-content\/uploads\/sites\/290\/2025\/07\/Meio-ambiente-e-conceito-800x450.png 800w, https:\/\/www.blogs.unicamp.br\/cienciaepolitica\/wp-content\/uploads\/sites\/290\/2025\/07\/Meio-ambiente-e-conceito-1280x720.png 1280w\" sizes=\"(max-width: 1920px) 100vw, 1920px\" \/><\/a><\/figure><\/div>\n\n\n\n<div class=\"wp-block-column is-vertically-aligned-center eplus-wrapper is-layout-flow wp-block-column-is-layout-flow\" style=\"flex-basis:33.33%\"><h4 style=\"font-style:normal;font-weight:700; margin-top:20px;margin-right:20px;margin-bottom:20px;margin-left:20px;\" class=\"has-link-color wp-elements-0d5534d15408dced2f1a521f7b4a9bbe wp-block-post-title has-text-color has-secondary-color\"><a href=\"https:\/\/www.blogs.unicamp.br\/cienciaepolitica\/2025\/07\/31\/meio-ambiente-e-conceito\/\" target=\"_self\" >Meio ambiente \u00e9 conceito<\/a><\/h4>\n\n<div style=\"font-style:normal;font-weight:700\" class=\"taxonomy-category has-text-align-center has-link-color wp-elements-f174ecd900ab612ceaa360815bc9e731 wp-block-post-terms has-text-color has-foreground-color has-background has-secondary-background-color\"><a href=\"https:\/\/www.blogs.unicamp.br\/cienciaepolitica\/category\/2022\/meio-ambiente\/\" rel=\"tag\">Meio Ambiente<\/a><\/div><\/div>\n<\/div>\n\n<\/li><li class=\"wp-block-post post-1027 post type-post status-publish format-standard has-post-thumbnail hentry category-6 category-projeto-de-lei category-propostas-18 tag-democracia tag-desinformacao tag-fake-news tag-midias-sociais-2 tag-pl2630 tag-politica tag-projeto-de-lei tag-redes-sociais tag-regulamentacao-das-big-techs\">\n\n<div class=\"wp-block-columns are-vertically-aligned-center eplus-wrapper is-layout-flex wp-container-core-columns-is-layout-28f84493 wp-block-columns-is-layout-flex\">\n<div class=\"wp-block-column is-vertically-aligned-center eplus-wrapper is-layout-flow wp-block-column-is-layout-flow\" style=\"flex-basis:66.66%\"><figure class=\"wp-block-post-featured-image wp-duotone-0c003a-rgb2502290-6\"><a href=\"https:\/\/www.blogs.unicamp.br\/cienciaepolitica\/2023\/05\/26\/como-as-plataformas-combatem-a-desinformacao\/\" target=\"_self\"  ><img loading=\"lazy\" decoding=\"async\" width=\"753\" height=\"757\" src=\"https:\/\/www.blogs.unicamp.br\/cienciaepolitica\/wp-content\/uploads\/sites\/290\/2023\/05\/1.png\" class=\"attachment-post-thumbnail size-post-thumbnail wp-post-image\" alt=\"Como as plataformas combatem a desinforma\u00e7\u00e3o?\" style=\"object-fit:cover;\" srcset=\"https:\/\/www.blogs.unicamp.br\/cienciaepolitica\/wp-content\/uploads\/sites\/290\/2023\/05\/1.png 753w, https:\/\/www.blogs.unicamp.br\/cienciaepolitica\/wp-content\/uploads\/sites\/290\/2023\/05\/1-298x300.png 298w, https:\/\/www.blogs.unicamp.br\/cienciaepolitica\/wp-content\/uploads\/sites\/290\/2023\/05\/1-150x150.png 150w, https:\/\/www.blogs.unicamp.br\/cienciaepolitica\/wp-content\/uploads\/sites\/290\/2023\/05\/1-500x503.png 500w\" sizes=\"(max-width: 753px) 100vw, 753px\" \/><\/a><\/figure><\/div>\n\n\n\n<div class=\"wp-block-column is-vertically-aligned-center eplus-wrapper is-layout-flow wp-block-column-is-layout-flow\" style=\"flex-basis:33.33%\"><h4 style=\"font-style:normal;font-weight:700; margin-top:20px;margin-right:20px;margin-bottom:20px;margin-left:20px;\" class=\"has-link-color wp-elements-0d5534d15408dced2f1a521f7b4a9bbe wp-block-post-title has-text-color has-secondary-color\"><a href=\"https:\/\/www.blogs.unicamp.br\/cienciaepolitica\/2023\/05\/26\/como-as-plataformas-combatem-a-desinformacao\/\" target=\"_self\" >Como as plataformas combatem a desinforma\u00e7\u00e3o?<\/a><\/h4>\n\n<div style=\"font-style:normal;font-weight:700\" class=\"taxonomy-category has-text-align-center has-link-color wp-elements-f174ecd900ab612ceaa360815bc9e731 wp-block-post-terms has-text-color has-foreground-color has-background has-secondary-background-color\"><a href=\"https:\/\/www.blogs.unicamp.br\/cienciaepolitica\/category\/2023\/\" rel=\"tag\">2023<\/a><span class=\"wp-block-post-terms__separator\">, <\/span><a href=\"https:\/\/www.blogs.unicamp.br\/cienciaepolitica\/category\/projeto-de-lei\/\" rel=\"tag\">Projeto de Lei<\/a><span class=\"wp-block-post-terms__separator\">, <\/span><a href=\"https:\/\/www.blogs.unicamp.br\/cienciaepolitica\/category\/eleicoes-2018\/propostas-18\/\" rel=\"tag\">Propostas e planos de governo<\/a><\/div><\/div>\n<\/div>\n\n<\/li><li class=\"wp-block-post post-1002 post type-post status-publish format-standard has-post-thumbnail hentry category-6 category-editorial tag-comunicacao tag-pl-2630-2020 tag-pl-fake-news tag-politica tag-projeto-de-lei tag-projeto-de-lei-da-feke-news tag-regulamentacao-das-big-techs tag-regulamentacao-das-redes-sociais\">\n\n<div class=\"wp-block-columns are-vertically-aligned-center eplus-wrapper is-layout-flex wp-container-core-columns-is-layout-28f84493 wp-block-columns-is-layout-flex\">\n<div class=\"wp-block-column is-vertically-aligned-center eplus-wrapper is-layout-flow wp-block-column-is-layout-flow\" style=\"flex-basis:66.66%\"><figure class=\"wp-block-post-featured-image wp-duotone-0c003a-rgb2502290-7\"><a href=\"https:\/\/www.blogs.unicamp.br\/cienciaepolitica\/2023\/05\/14\/o-projeto-de-lei-2630-2020-e-seus-ruidos\/\" target=\"_self\"  ><img loading=\"lazy\" decoding=\"async\" width=\"810\" height=\"450\" src=\"https:\/\/www.blogs.unicamp.br\/cienciaepolitica\/wp-content\/uploads\/sites\/290\/2023\/05\/Grupao-da-familia-e-o-PL-2630.png\" class=\"attachment-post-thumbnail size-post-thumbnail wp-post-image\" alt=\"O Projeto de Lei 2630\/2020 e seus Ru\u00eddos\" style=\"object-fit:cover;\" srcset=\"https:\/\/www.blogs.unicamp.br\/cienciaepolitica\/wp-content\/uploads\/sites\/290\/2023\/05\/Grupao-da-familia-e-o-PL-2630.png 810w, https:\/\/www.blogs.unicamp.br\/cienciaepolitica\/wp-content\/uploads\/sites\/290\/2023\/05\/Grupao-da-familia-e-o-PL-2630-300x167.png 300w, https:\/\/www.blogs.unicamp.br\/cienciaepolitica\/wp-content\/uploads\/sites\/290\/2023\/05\/Grupao-da-familia-e-o-PL-2630-768x427.png 768w, https:\/\/www.blogs.unicamp.br\/cienciaepolitica\/wp-content\/uploads\/sites\/290\/2023\/05\/Grupao-da-familia-e-o-PL-2630-500x278.png 500w, https:\/\/www.blogs.unicamp.br\/cienciaepolitica\/wp-content\/uploads\/sites\/290\/2023\/05\/Grupao-da-familia-e-o-PL-2630-800x444.png 800w\" sizes=\"(max-width: 810px) 100vw, 810px\" \/><\/a><\/figure><\/div>\n\n\n\n<div class=\"wp-block-column is-vertically-aligned-center eplus-wrapper is-layout-flow wp-block-column-is-layout-flow\" style=\"flex-basis:33.33%\"><h4 style=\"font-style:normal;font-weight:700; margin-top:20px;margin-right:20px;margin-bottom:20px;margin-left:20px;\" class=\"has-link-color wp-elements-0d5534d15408dced2f1a521f7b4a9bbe wp-block-post-title has-text-color has-secondary-color\"><a href=\"https:\/\/www.blogs.unicamp.br\/cienciaepolitica\/2023\/05\/14\/o-projeto-de-lei-2630-2020-e-seus-ruidos\/\" target=\"_self\" >O Projeto de Lei 2630\/2020 e seus Ru\u00eddos<\/a><\/h4>\n\n<div style=\"font-style:normal;font-weight:700\" class=\"taxonomy-category has-text-align-center has-link-color wp-elements-f174ecd900ab612ceaa360815bc9e731 wp-block-post-terms has-text-color has-foreground-color has-background has-secondary-background-color\"><a href=\"https:\/\/www.blogs.unicamp.br\/cienciaepolitica\/category\/2023\/\" rel=\"tag\">2023<\/a><span class=\"wp-block-post-terms__separator\">, <\/span><a href=\"https:\/\/www.blogs.unicamp.br\/cienciaepolitica\/category\/editorial\/\" rel=\"tag\">Editorial<\/a><\/div><\/div>\n<\/div>\n\n<\/li><li class=\"wp-block-post post-990 post type-post status-publish format-standard has-post-thumbnail hentry category-6 tag-democracia tag-desinformacao tag-educacao tag-fake-news tag-infodemia tag-leis tag-midias-sociais-2 tag-politica tag-redes-sociais tag-regulacao\">\n\n<div class=\"wp-block-columns are-vertically-aligned-center eplus-wrapper is-layout-flex wp-container-core-columns-is-layout-28f84493 wp-block-columns-is-layout-flex\">\n<div class=\"wp-block-column is-vertically-aligned-center eplus-wrapper is-layout-flow wp-block-column-is-layout-flow\" style=\"flex-basis:66.66%\"><figure class=\"wp-block-post-featured-image wp-duotone-0c003a-rgb2502290-8\"><a href=\"https:\/\/www.blogs.unicamp.br\/cienciaepolitica\/2023\/02\/23\/regular-as-redes-sociais-e-uma-boa-saida-para-combater-a-desinformacao\/\" target=\"_self\"  ><img loading=\"lazy\" decoding=\"async\" width=\"1920\" height=\"1382\" src=\"https:\/\/www.blogs.unicamp.br\/cienciaepolitica\/wp-content\/uploads\/sites\/290\/2023\/02\/like-gb3da0ca8f_1920.jpg\" class=\"attachment-post-thumbnail size-post-thumbnail wp-post-image\" alt=\"Regular as Redes Sociais \u00e9 uma boa sa\u00edda para combater a desinforma\u00e7\u00e3o ?\" style=\"object-fit:cover;\" srcset=\"https:\/\/www.blogs.unicamp.br\/cienciaepolitica\/wp-content\/uploads\/sites\/290\/2023\/02\/like-gb3da0ca8f_1920.jpg 1920w, https:\/\/www.blogs.unicamp.br\/cienciaepolitica\/wp-content\/uploads\/sites\/290\/2023\/02\/like-gb3da0ca8f_1920-300x216.jpg 300w, https:\/\/www.blogs.unicamp.br\/cienciaepolitica\/wp-content\/uploads\/sites\/290\/2023\/02\/like-gb3da0ca8f_1920-1024x737.jpg 1024w, https:\/\/www.blogs.unicamp.br\/cienciaepolitica\/wp-content\/uploads\/sites\/290\/2023\/02\/like-gb3da0ca8f_1920-768x553.jpg 768w, https:\/\/www.blogs.unicamp.br\/cienciaepolitica\/wp-content\/uploads\/sites\/290\/2023\/02\/like-gb3da0ca8f_1920-1536x1106.jpg 1536w, https:\/\/www.blogs.unicamp.br\/cienciaepolitica\/wp-content\/uploads\/sites\/290\/2023\/02\/like-gb3da0ca8f_1920-500x360.jpg 500w, https:\/\/www.blogs.unicamp.br\/cienciaepolitica\/wp-content\/uploads\/sites\/290\/2023\/02\/like-gb3da0ca8f_1920-800x576.jpg 800w, https:\/\/www.blogs.unicamp.br\/cienciaepolitica\/wp-content\/uploads\/sites\/290\/2023\/02\/like-gb3da0ca8f_1920-1280x921.jpg 1280w\" sizes=\"(max-width: 1920px) 100vw, 1920px\" \/><\/a><\/figure><\/div>\n\n\n\n<div class=\"wp-block-column is-vertically-aligned-center eplus-wrapper is-layout-flow wp-block-column-is-layout-flow\" style=\"flex-basis:33.33%\"><h4 style=\"font-style:normal;font-weight:700; margin-top:20px;margin-right:20px;margin-bottom:20px;margin-left:20px;\" class=\"has-link-color wp-elements-0d5534d15408dced2f1a521f7b4a9bbe wp-block-post-title has-text-color has-secondary-color\"><a href=\"https:\/\/www.blogs.unicamp.br\/cienciaepolitica\/2023\/02\/23\/regular-as-redes-sociais-e-uma-boa-saida-para-combater-a-desinformacao\/\" target=\"_self\" >Regular as Redes Sociais \u00e9 uma boa sa\u00edda para combater a desinforma\u00e7\u00e3o ?<\/a><\/h4>\n\n<div style=\"font-style:normal;font-weight:700\" class=\"taxonomy-category has-text-align-center has-link-color wp-elements-f174ecd900ab612ceaa360815bc9e731 wp-block-post-terms has-text-color has-foreground-color has-background has-secondary-background-color\"><a href=\"https:\/\/www.blogs.unicamp.br\/cienciaepolitica\/category\/2023\/\" rel=\"tag\">2023<\/a><\/div><\/div>\n<\/div>\n\n<\/li><li class=\"wp-block-post post-980 post type-post status-publish format-standard has-post-thumbnail hentry category-6 tag-educacao tag-eleicoes tag-matematica tag-nordeste tag-politica\">\n\n<div class=\"wp-block-columns are-vertically-aligned-center eplus-wrapper is-layout-flex wp-container-core-columns-is-layout-28f84493 wp-block-columns-is-layout-flex\">\n<div class=\"wp-block-column is-vertically-aligned-center eplus-wrapper is-layout-flow wp-block-column-is-layout-flow\" style=\"flex-basis:66.66%\"><figure class=\"wp-block-post-featured-image wp-duotone-0c003a-rgb2502290-9\"><a href=\"https:\/\/www.blogs.unicamp.br\/cienciaepolitica\/2023\/02\/08\/a-culpa-nao-e-do-nordeste\/\" target=\"_self\"  ><img loading=\"lazy\" decoding=\"async\" width=\"768\" height=\"715\" src=\"https:\/\/www.blogs.unicamp.br\/cienciaepolitica\/wp-content\/uploads\/sites\/290\/2023\/02\/Captura-de-tela-2023-02-08-134037-1.png\" class=\"attachment-post-thumbnail size-post-thumbnail wp-post-image\" alt=\"A \u201cculpa\u201d n\u00e3o \u00e9 do Nordeste\" style=\"object-fit:cover;\" srcset=\"https:\/\/www.blogs.unicamp.br\/cienciaepolitica\/wp-content\/uploads\/sites\/290\/2023\/02\/Captura-de-tela-2023-02-08-134037-1.png 768w, https:\/\/www.blogs.unicamp.br\/cienciaepolitica\/wp-content\/uploads\/sites\/290\/2023\/02\/Captura-de-tela-2023-02-08-134037-1-300x279.png 300w, https:\/\/www.blogs.unicamp.br\/cienciaepolitica\/wp-content\/uploads\/sites\/290\/2023\/02\/Captura-de-tela-2023-02-08-134037-1-500x465.png 500w\" sizes=\"(max-width: 768px) 100vw, 768px\" \/><\/a><\/figure><\/div>\n\n\n\n<div class=\"wp-block-column is-vertically-aligned-center eplus-wrapper is-layout-flow wp-block-column-is-layout-flow\" style=\"flex-basis:33.33%\"><h4 style=\"font-style:normal;font-weight:700; margin-top:20px;margin-right:20px;margin-bottom:20px;margin-left:20px;\" class=\"has-link-color wp-elements-0d5534d15408dced2f1a521f7b4a9bbe wp-block-post-title has-text-color has-secondary-color\"><a href=\"https:\/\/www.blogs.unicamp.br\/cienciaepolitica\/2023\/02\/08\/a-culpa-nao-e-do-nordeste\/\" target=\"_self\" >A \u201cculpa\u201d n\u00e3o \u00e9 do Nordeste<\/a><\/h4>\n\n<div style=\"font-style:normal;font-weight:700\" class=\"taxonomy-category has-text-align-center has-link-color wp-elements-f174ecd900ab612ceaa360815bc9e731 wp-block-post-terms has-text-color has-foreground-color has-background has-secondary-background-color\"><a href=\"https:\/\/www.blogs.unicamp.br\/cienciaepolitica\/category\/2023\/\" rel=\"tag\">2023<\/a><\/div><\/div>\n<\/div>\n\n<\/li><li class=\"wp-block-post post-973 post type-post status-publish format-standard has-post-thumbnail hentry category-6 tag-comunicacao tag-educacao tag-educacao-midiatica tag-lula tag-midia tag-politica\">\n\n<div class=\"wp-block-columns are-vertically-aligned-center eplus-wrapper is-layout-flex wp-container-core-columns-is-layout-28f84493 wp-block-columns-is-layout-flex\">\n<div class=\"wp-block-column is-vertically-aligned-center eplus-wrapper is-layout-flow wp-block-column-is-layout-flow\" style=\"flex-basis:66.66%\"><figure class=\"wp-block-post-featured-image wp-duotone-0c003a-rgb2502290-10\"><a href=\"https:\/\/www.blogs.unicamp.br\/cienciaepolitica\/2023\/02\/08\/governo-federal-cria-departamento-voltado-para-a-educacao-midiatica-o-que-isso-significa\/\" target=\"_self\"  ><img loading=\"lazy\" decoding=\"async\" width=\"627\" height=\"537\" src=\"https:\/\/www.blogs.unicamp.br\/cienciaepolitica\/wp-content\/uploads\/sites\/290\/2023\/02\/Captura-de-tela-2023-02-08-134037.png\" class=\"attachment-post-thumbnail size-post-thumbnail wp-post-image\" alt=\"Governo Federal cria Departamento voltado para a Educa\u00e7\u00e3o Midi\u00e1tica: o que isso significa?\u00a0\" style=\"object-fit:cover;\" srcset=\"https:\/\/www.blogs.unicamp.br\/cienciaepolitica\/wp-content\/uploads\/sites\/290\/2023\/02\/Captura-de-tela-2023-02-08-134037.png 627w, https:\/\/www.blogs.unicamp.br\/cienciaepolitica\/wp-content\/uploads\/sites\/290\/2023\/02\/Captura-de-tela-2023-02-08-134037-300x257.png 300w, https:\/\/www.blogs.unicamp.br\/cienciaepolitica\/wp-content\/uploads\/sites\/290\/2023\/02\/Captura-de-tela-2023-02-08-134037-500x428.png 500w\" sizes=\"(max-width: 627px) 100vw, 627px\" \/><\/a><\/figure><\/div>\n\n\n\n<div class=\"wp-block-column is-vertically-aligned-center eplus-wrapper is-layout-flow wp-block-column-is-layout-flow\" style=\"flex-basis:33.33%\"><h4 style=\"font-style:normal;font-weight:700; margin-top:20px;margin-right:20px;margin-bottom:20px;margin-left:20px;\" class=\"has-link-color wp-elements-0d5534d15408dced2f1a521f7b4a9bbe wp-block-post-title has-text-color has-secondary-color\"><a href=\"https:\/\/www.blogs.unicamp.br\/cienciaepolitica\/2023\/02\/08\/governo-federal-cria-departamento-voltado-para-a-educacao-midiatica-o-que-isso-significa\/\" target=\"_self\" >Governo Federal cria Departamento voltado para a Educa\u00e7\u00e3o Midi\u00e1tica: o que isso significa?\u00a0<\/a><\/h4>\n\n<div style=\"font-style:normal;font-weight:700\" class=\"taxonomy-category has-text-align-center has-link-color wp-elements-f174ecd900ab612ceaa360815bc9e731 wp-block-post-terms has-text-color has-foreground-color has-background has-secondary-background-color\"><a href=\"https:\/\/www.blogs.unicamp.br\/cienciaepolitica\/category\/2023\/\" rel=\"tag\">2023<\/a><\/div><\/div>\n<\/div>\n\n<\/li><li class=\"wp-block-post post-970 post type-post status-publish format-standard hentry category-6 category-educacao tag-educacao tag-ensino-medio tag-mec tag-reforma-do-ensino-medio\">\n\n<div class=\"wp-block-columns are-vertically-aligned-center eplus-wrapper is-layout-flex wp-container-core-columns-is-layout-28f84493 wp-block-columns-is-layout-flex\">\n<div class=\"wp-block-column is-vertically-aligned-center eplus-wrapper is-layout-flow wp-block-column-is-layout-flow\" style=\"flex-basis:66.66%\"><\/div>\n\n\n\n<div class=\"wp-block-column is-vertically-aligned-center eplus-wrapper is-layout-flow wp-block-column-is-layout-flow\" style=\"flex-basis:33.33%\"><h4 style=\"font-style:normal;font-weight:700; margin-top:20px;margin-right:20px;margin-bottom:20px;margin-left:20px;\" class=\"has-link-color wp-elements-0d5534d15408dced2f1a521f7b4a9bbe wp-block-post-title has-text-color has-secondary-color\"><a href=\"https:\/\/www.blogs.unicamp.br\/cienciaepolitica\/2023\/01\/17\/entendendo-o-novo-ensino-medio-sua-logica-e-promulgacao\/\" target=\"_self\" >Entendendo O Novo Ensino M\u00e9dio: Sua L\u00f3gica E Promulga\u00e7\u00e3o<\/a><\/h4>\n\n<div style=\"font-style:normal;font-weight:700\" class=\"taxonomy-category has-text-align-center has-link-color wp-elements-f174ecd900ab612ceaa360815bc9e731 wp-block-post-terms has-text-color has-foreground-color has-background has-secondary-background-color\"><a href=\"https:\/\/www.blogs.unicamp.br\/cienciaepolitica\/category\/2023\/\" rel=\"tag\">2023<\/a><span class=\"wp-block-post-terms__separator\">, <\/span><a href=\"https:\/\/www.blogs.unicamp.br\/cienciaepolitica\/category\/2022\/educacao\/\" rel=\"tag\">Educa\u00e7\u00e3o<\/a><\/div><\/div>\n<\/div>\n\n<\/li><li class=\"wp-block-post post-963 post type-post status-publish format-standard has-post-thumbnail hentry category-6 category-educacao tag-bolsonaro tag-ciencia tag-educacao tag-politica tag-universidade-publica\">\n\n<div class=\"wp-block-columns are-vertically-aligned-center eplus-wrapper is-layout-flex wp-container-core-columns-is-layout-28f84493 wp-block-columns-is-layout-flex\">\n<div class=\"wp-block-column is-vertically-aligned-center eplus-wrapper is-layout-flow wp-block-column-is-layout-flow\" style=\"flex-basis:66.66%\"><figure class=\"wp-block-post-featured-image wp-duotone-0c003a-rgb2502290-12\"><a href=\"https:\/\/www.blogs.unicamp.br\/cienciaepolitica\/2023\/01\/17\/o-plano-nacional-de-pos-graduacao-pelo-fim-da-negligencia\/\" target=\"_self\"  ><img loading=\"lazy\" decoding=\"async\" width=\"645\" height=\"381\" src=\"https:\/\/www.blogs.unicamp.br\/cienciaepolitica\/wp-content\/uploads\/sites\/290\/2023\/01\/books-7710155_960_720-645x381-1.png\" class=\"attachment-post-thumbnail size-post-thumbnail wp-post-image\" alt=\"O Plano Nacional de P\u00f3s-Gradua\u00e7\u00e3o: Pelo fim da neglig\u00eancia\" style=\"object-fit:cover;\" srcset=\"https:\/\/www.blogs.unicamp.br\/cienciaepolitica\/wp-content\/uploads\/sites\/290\/2023\/01\/books-7710155_960_720-645x381-1.png 645w, https:\/\/www.blogs.unicamp.br\/cienciaepolitica\/wp-content\/uploads\/sites\/290\/2023\/01\/books-7710155_960_720-645x381-1-300x177.png 300w, https:\/\/www.blogs.unicamp.br\/cienciaepolitica\/wp-content\/uploads\/sites\/290\/2023\/01\/books-7710155_960_720-645x381-1-500x295.png 500w\" sizes=\"(max-width: 645px) 100vw, 645px\" \/><\/a><\/figure><\/div>\n\n\n\n<div class=\"wp-block-column is-vertically-aligned-center eplus-wrapper is-layout-flow wp-block-column-is-layout-flow\" style=\"flex-basis:33.33%\"><h4 style=\"font-style:normal;font-weight:700; margin-top:20px;margin-right:20px;margin-bottom:20px;margin-left:20px;\" class=\"has-link-color wp-elements-0d5534d15408dced2f1a521f7b4a9bbe wp-block-post-title has-text-color has-secondary-color\"><a href=\"https:\/\/www.blogs.unicamp.br\/cienciaepolitica\/2023\/01\/17\/o-plano-nacional-de-pos-graduacao-pelo-fim-da-negligencia\/\" target=\"_self\" >O Plano Nacional de P\u00f3s-Gradua\u00e7\u00e3o: Pelo fim da neglig\u00eancia<\/a><\/h4>\n\n<div style=\"font-style:normal;font-weight:700\" class=\"taxonomy-category has-text-align-center has-link-color wp-elements-f174ecd900ab612ceaa360815bc9e731 wp-block-post-terms has-text-color has-foreground-color has-background has-secondary-background-color\"><a href=\"https:\/\/www.blogs.unicamp.br\/cienciaepolitica\/category\/2023\/\" rel=\"tag\">2023<\/a><span class=\"wp-block-post-terms__separator\">, <\/span><a href=\"https:\/\/www.blogs.unicamp.br\/cienciaepolitica\/category\/2022\/educacao\/\" rel=\"tag\">Educa\u00e7\u00e3o<\/a><\/div><\/div>\n<\/div>\n\n<\/li><li class=\"wp-block-post post-925 post type-post status-publish format-standard has-post-thumbnail hentry category-6 tag-8-de-janeiro tag-bolsonaro tag-democracia tag-flavio-dino tag-ibaneis tag-lula tag-politica tag-terrorismo\">\n\n<div class=\"wp-block-columns are-vertically-aligned-center eplus-wrapper is-layout-flex wp-container-core-columns-is-layout-28f84493 wp-block-columns-is-layout-flex\">\n<div class=\"wp-block-column is-vertically-aligned-center eplus-wrapper is-layout-flow wp-block-column-is-layout-flow\" style=\"flex-basis:66.66%\"><figure class=\"wp-block-post-featured-image wp-duotone-0c003a-rgb2502290-13\"><a href=\"https:\/\/www.blogs.unicamp.br\/cienciaepolitica\/2023\/01\/09\/ciencia-e-politica-no-brasil-de-2023\/\" target=\"_self\"  ><img loading=\"lazy\" decoding=\"async\" width=\"810\" height=\"450\" src=\"https:\/\/www.blogs.unicamp.br\/cienciaepolitica\/wp-content\/uploads\/sites\/290\/2023\/01\/Copia-de-vacina-infantil.png\" class=\"attachment-post-thumbnail size-post-thumbnail wp-post-image\" alt=\"Ci\u00eancia e Pol\u00edtica no Brasil de 2023\" style=\"object-fit:cover;\" srcset=\"https:\/\/www.blogs.unicamp.br\/cienciaepolitica\/wp-content\/uploads\/sites\/290\/2023\/01\/Copia-de-vacina-infantil.png 810w, https:\/\/www.blogs.unicamp.br\/cienciaepolitica\/wp-content\/uploads\/sites\/290\/2023\/01\/Copia-de-vacina-infantil-300x167.png 300w, https:\/\/www.blogs.unicamp.br\/cienciaepolitica\/wp-content\/uploads\/sites\/290\/2023\/01\/Copia-de-vacina-infantil-768x427.png 768w, https:\/\/www.blogs.unicamp.br\/cienciaepolitica\/wp-content\/uploads\/sites\/290\/2023\/01\/Copia-de-vacina-infantil-500x278.png 500w, https:\/\/www.blogs.unicamp.br\/cienciaepolitica\/wp-content\/uploads\/sites\/290\/2023\/01\/Copia-de-vacina-infantil-800x444.png 800w\" sizes=\"(max-width: 810px) 100vw, 810px\" \/><\/a><\/figure><\/div>\n\n\n\n<div class=\"wp-block-column is-vertically-aligned-center eplus-wrapper is-layout-flow wp-block-column-is-layout-flow\" style=\"flex-basis:33.33%\"><h4 style=\"font-style:normal;font-weight:700; margin-top:20px;margin-right:20px;margin-bottom:20px;margin-left:20px;\" class=\"has-link-color wp-elements-0d5534d15408dced2f1a521f7b4a9bbe wp-block-post-title has-text-color has-secondary-color\"><a href=\"https:\/\/www.blogs.unicamp.br\/cienciaepolitica\/2023\/01\/09\/ciencia-e-politica-no-brasil-de-2023\/\" target=\"_self\" >Ci\u00eancia e Pol\u00edtica no Brasil de 2023<\/a><\/h4>\n\n<div style=\"font-style:normal;font-weight:700\" class=\"taxonomy-category has-text-align-center has-link-color wp-elements-f174ecd900ab612ceaa360815bc9e731 wp-block-post-terms has-text-color has-foreground-color has-background has-secondary-background-color\"><a href=\"https:\/\/www.blogs.unicamp.br\/cienciaepolitica\/category\/2023\/\" rel=\"tag\">2023<\/a><\/div><\/div>\n<\/div>\n\n<\/li><li class=\"wp-block-post post-893 post type-post status-publish format-standard has-post-thumbnail hentry category-historia-e-sociedade tag-ato-publico tag-carta-as-brasileiras-e-aos-brasileiros-em-defesa-do-estado-democratico-de-direito tag-democracia tag-manifesto tag-noticia tag-politica\">\n\n<div class=\"wp-block-columns are-vertically-aligned-center eplus-wrapper is-layout-flex wp-container-core-columns-is-layout-28f84493 wp-block-columns-is-layout-flex\">\n<div class=\"wp-block-column is-vertically-aligned-center eplus-wrapper is-layout-flow wp-block-column-is-layout-flow\" style=\"flex-basis:66.66%\"><figure class=\"wp-block-post-featured-image wp-duotone-0c003a-rgb2502290-14\"><a href=\"https:\/\/www.blogs.unicamp.br\/cienciaepolitica\/2022\/08\/11\/carta-as-brasileiras-e-brasileiros-em-defesa-do-estado-democratico-de-direito\/\" target=\"_self\"  ><img loading=\"lazy\" decoding=\"async\" width=\"509\" height=\"322\" src=\"https:\/\/www.blogs.unicamp.br\/cienciaepolitica\/wp-content\/uploads\/sites\/290\/2022\/08\/Captura-de-tela-2022-08-11-131355-e1660236728634.png\" class=\"attachment-post-thumbnail size-post-thumbnail wp-post-image\" alt=\"Carta \u00e0s Brasileiras e Brasileiros em Defesa do Estado Democr\u00e1tico de Direito!\" style=\"object-fit:cover;\" srcset=\"https:\/\/www.blogs.unicamp.br\/cienciaepolitica\/wp-content\/uploads\/sites\/290\/2022\/08\/Captura-de-tela-2022-08-11-131355-e1660236728634.png 509w, https:\/\/www.blogs.unicamp.br\/cienciaepolitica\/wp-content\/uploads\/sites\/290\/2022\/08\/Captura-de-tela-2022-08-11-131355-e1660236728634-300x190.png 300w, https:\/\/www.blogs.unicamp.br\/cienciaepolitica\/wp-content\/uploads\/sites\/290\/2022\/08\/Captura-de-tela-2022-08-11-131355-e1660236728634-500x316.png 500w\" sizes=\"(max-width: 509px) 100vw, 509px\" \/><\/a><\/figure><\/div>\n\n\n\n<div class=\"wp-block-column is-vertically-aligned-center eplus-wrapper is-layout-flow wp-block-column-is-layout-flow\" style=\"flex-basis:33.33%\"><h4 style=\"font-style:normal;font-weight:700; margin-top:20px;margin-right:20px;margin-bottom:20px;margin-left:20px;\" class=\"has-link-color wp-elements-0d5534d15408dced2f1a521f7b4a9bbe wp-block-post-title has-text-color has-secondary-color\"><a href=\"https:\/\/www.blogs.unicamp.br\/cienciaepolitica\/2022\/08\/11\/carta-as-brasileiras-e-brasileiros-em-defesa-do-estado-democratico-de-direito\/\" target=\"_self\" >Carta \u00e0s Brasileiras e Brasileiros em Defesa do Estado Democr\u00e1tico de Direito!<\/a><\/h4>\n\n<div style=\"font-style:normal;font-weight:700\" class=\"taxonomy-category has-text-align-center has-link-color wp-elements-f174ecd900ab612ceaa360815bc9e731 wp-block-post-terms has-text-color has-foreground-color has-background has-secondary-background-color\"><a href=\"https:\/\/www.blogs.unicamp.br\/cienciaepolitica\/category\/2022\/historia-e-sociedade\/\" rel=\"tag\">Hist\u00f3ria e Sociedade<\/a><\/div><\/div>\n<\/div>\n\n<\/li><li class=\"wp-block-post post-715 post type-post status-publish format-standard has-post-thumbnail hentry category-5 category-educacao category-politicas-publicas tag-ciencia-e-politica tag-educacao tag-ensino-superior tag-ensino-superior-gratuito tag-graduacao tag-gratuidade tag-pec tag-politicas-publicas tag-politicas-publicas-em-educacao tag-universidade tag-universidade-publica\">\n\n<div class=\"wp-block-columns are-vertically-aligned-center eplus-wrapper is-layout-flex wp-container-core-columns-is-layout-28f84493 wp-block-columns-is-layout-flex\">\n<div class=\"wp-block-column is-vertically-aligned-center eplus-wrapper is-layout-flow wp-block-column-is-layout-flow\" style=\"flex-basis:66.66%\"><figure class=\"wp-block-post-featured-image wp-duotone-0c003a-rgb2502290-15\"><a href=\"https:\/\/www.blogs.unicamp.br\/cienciaepolitica\/2022\/05\/24\/a-gratuidade-da-universidade-publica-e-inquestionavel\/\" target=\"_self\"  ><img loading=\"lazy\" decoding=\"async\" width=\"810\" height=\"450\" src=\"https:\/\/www.blogs.unicamp.br\/cienciaepolitica\/wp-content\/uploads\/sites\/290\/2022\/05\/Blog-1.png\" class=\"attachment-post-thumbnail size-post-thumbnail wp-post-image\" alt=\"A gratuidade da universidade p\u00fablica \u00e9 inquestion\u00e1vel\" style=\"object-fit:cover;\" srcset=\"https:\/\/www.blogs.unicamp.br\/cienciaepolitica\/wp-content\/uploads\/sites\/290\/2022\/05\/Blog-1.png 810w, https:\/\/www.blogs.unicamp.br\/cienciaepolitica\/wp-content\/uploads\/sites\/290\/2022\/05\/Blog-1-300x167.png 300w, https:\/\/www.blogs.unicamp.br\/cienciaepolitica\/wp-content\/uploads\/sites\/290\/2022\/05\/Blog-1-768x427.png 768w, https:\/\/www.blogs.unicamp.br\/cienciaepolitica\/wp-content\/uploads\/sites\/290\/2022\/05\/Blog-1-500x278.png 500w, https:\/\/www.blogs.unicamp.br\/cienciaepolitica\/wp-content\/uploads\/sites\/290\/2022\/05\/Blog-1-800x444.png 800w\" sizes=\"(max-width: 810px) 100vw, 810px\" \/><\/a><\/figure><\/div>\n\n\n\n<div class=\"wp-block-column is-vertically-aligned-center eplus-wrapper is-layout-flow wp-block-column-is-layout-flow\" style=\"flex-basis:33.33%\"><h4 style=\"font-style:normal;font-weight:700; margin-top:20px;margin-right:20px;margin-bottom:20px;margin-left:20px;\" class=\"has-link-color wp-elements-0d5534d15408dced2f1a521f7b4a9bbe wp-block-post-title has-text-color has-secondary-color\"><a href=\"https:\/\/www.blogs.unicamp.br\/cienciaepolitica\/2022\/05\/24\/a-gratuidade-da-universidade-publica-e-inquestionavel\/\" target=\"_self\" >A gratuidade da universidade p\u00fablica \u00e9 inquestion\u00e1vel<\/a><\/h4>\n\n<div style=\"font-style:normal;font-weight:700\" class=\"taxonomy-category has-text-align-center has-link-color wp-elements-f174ecd900ab612ceaa360815bc9e731 wp-block-post-terms has-text-color has-foreground-color has-background has-secondary-background-color\"><a href=\"https:\/\/www.blogs.unicamp.br\/cienciaepolitica\/category\/2022\/\" rel=\"tag\">2022<\/a><span class=\"wp-block-post-terms__separator\">, <\/span><a href=\"https:\/\/www.blogs.unicamp.br\/cienciaepolitica\/category\/2022\/educacao\/\" rel=\"tag\">Educa\u00e7\u00e3o<\/a><span class=\"wp-block-post-terms__separator\">, <\/span><a href=\"https:\/\/www.blogs.unicamp.br\/cienciaepolitica\/category\/2022\/politicas-publicas\/\" rel=\"tag\">Pol\u00edticas P\u00fablicas<\/a><\/div><\/div>\n<\/div>\n\n<\/li><li class=\"wp-block-post post-578 post type-post status-publish format-standard has-post-thumbnail hentry category-5 category-editorial\">\n\n<div class=\"wp-block-columns are-vertically-aligned-center eplus-wrapper is-layout-flex wp-container-core-columns-is-layout-28f84493 wp-block-columns-is-layout-flex\">\n<div class=\"wp-block-column is-vertically-aligned-center eplus-wrapper is-layout-flow wp-block-column-is-layout-flow\" style=\"flex-basis:66.66%\"><figure class=\"wp-block-post-featured-image wp-duotone-0c003a-rgb2502290-16\"><a href=\"https:\/\/www.blogs.unicamp.br\/cienciaepolitica\/2022\/05\/14\/o-que-e-politica\/\" target=\"_self\"  ><img loading=\"lazy\" decoding=\"async\" width=\"2560\" height=\"1707\" src=\"https:\/\/www.blogs.unicamp.br\/cienciaepolitica\/wp-content\/uploads\/sites\/290\/2022\/05\/pexels-michelle-guimaraes-8547571-scaled-1.jpg\" class=\"attachment-post-thumbnail size-post-thumbnail wp-post-image\" alt=\"O que \u00e9 pol\u00edtica?\" style=\"object-fit:cover;\" srcset=\"https:\/\/www.blogs.unicamp.br\/cienciaepolitica\/wp-content\/uploads\/sites\/290\/2022\/05\/pexels-michelle-guimaraes-8547571-scaled-1.jpg 2560w, https:\/\/www.blogs.unicamp.br\/cienciaepolitica\/wp-content\/uploads\/sites\/290\/2022\/05\/pexels-michelle-guimaraes-8547571-scaled-1-300x200.jpg 300w, https:\/\/www.blogs.unicamp.br\/cienciaepolitica\/wp-content\/uploads\/sites\/290\/2022\/05\/pexels-michelle-guimaraes-8547571-scaled-1-1024x683.jpg 1024w, https:\/\/www.blogs.unicamp.br\/cienciaepolitica\/wp-content\/uploads\/sites\/290\/2022\/05\/pexels-michelle-guimaraes-8547571-scaled-1-768x512.jpg 768w, https:\/\/www.blogs.unicamp.br\/cienciaepolitica\/wp-content\/uploads\/sites\/290\/2022\/05\/pexels-michelle-guimaraes-8547571-scaled-1-1536x1024.jpg 1536w, https:\/\/www.blogs.unicamp.br\/cienciaepolitica\/wp-content\/uploads\/sites\/290\/2022\/05\/pexels-michelle-guimaraes-8547571-scaled-1-2048x1366.jpg 2048w, https:\/\/www.blogs.unicamp.br\/cienciaepolitica\/wp-content\/uploads\/sites\/290\/2022\/05\/pexels-michelle-guimaraes-8547571-scaled-1-500x333.jpg 500w, https:\/\/www.blogs.unicamp.br\/cienciaepolitica\/wp-content\/uploads\/sites\/290\/2022\/05\/pexels-michelle-guimaraes-8547571-scaled-1-800x533.jpg 800w, https:\/\/www.blogs.unicamp.br\/cienciaepolitica\/wp-content\/uploads\/sites\/290\/2022\/05\/pexels-michelle-guimaraes-8547571-scaled-1-1280x854.jpg 1280w, https:\/\/www.blogs.unicamp.br\/cienciaepolitica\/wp-content\/uploads\/sites\/290\/2022\/05\/pexels-michelle-guimaraes-8547571-scaled-1-1920x1280.jpg 1920w, https:\/\/www.blogs.unicamp.br\/cienciaepolitica\/wp-content\/uploads\/sites\/290\/2022\/05\/pexels-michelle-guimaraes-8547571-scaled-1-272x182.jpg 272w\" sizes=\"(max-width: 2560px) 100vw, 2560px\" \/><\/a><\/figure><\/div>\n\n\n\n<div class=\"wp-block-column is-vertically-aligned-center eplus-wrapper is-layout-flow wp-block-column-is-layout-flow\" style=\"flex-basis:33.33%\"><h4 style=\"font-style:normal;font-weight:700; margin-top:20px;margin-right:20px;margin-bottom:20px;margin-left:20px;\" class=\"has-link-color wp-elements-0d5534d15408dced2f1a521f7b4a9bbe wp-block-post-title has-text-color has-secondary-color\"><a href=\"https:\/\/www.blogs.unicamp.br\/cienciaepolitica\/2022\/05\/14\/o-que-e-politica\/\" target=\"_self\" >O que \u00e9 pol\u00edtica?<\/a><\/h4>\n\n<div style=\"font-style:normal;font-weight:700\" class=\"taxonomy-category has-text-align-center has-link-color wp-elements-f174ecd900ab612ceaa360815bc9e731 wp-block-post-terms has-text-color has-foreground-color has-background has-secondary-background-color\"><a href=\"https:\/\/www.blogs.unicamp.br\/cienciaepolitica\/category\/2022\/\" rel=\"tag\">2022<\/a><span class=\"wp-block-post-terms__separator\">, <\/span><a href=\"https:\/\/www.blogs.unicamp.br\/cienciaepolitica\/category\/editorial\/\" rel=\"tag\">Editorial<\/a><\/div><\/div>\n<\/div>\n\n<\/li><li class=\"wp-block-post post-606 post type-post status-publish format-standard has-post-thumbnail hentry category-5 category-economia tag-brasil-comparado-com-ocde tag-carga-tributaria tag-desenvolvimento-economico tag-desigualdade-social tag-economia tag-impostos tag-incidencia-de-impostos tag-ocde tag-sistema-tributario tag-tributos\">\n\n<div class=\"wp-block-columns are-vertically-aligned-center eplus-wrapper is-layout-flex wp-container-core-columns-is-layout-28f84493 wp-block-columns-is-layout-flex\">\n<div class=\"wp-block-column is-vertically-aligned-center eplus-wrapper is-layout-flow wp-block-column-is-layout-flow\" style=\"flex-basis:66.66%\"><figure class=\"wp-block-post-featured-image wp-duotone-0c003a-rgb2502290-17\"><a href=\"https:\/\/www.blogs.unicamp.br\/cienciaepolitica\/2022\/05\/02\/o-brasil-tem-a-maior-carga-tributaria-do-mundo\/\" target=\"_self\"  ><img loading=\"lazy\" decoding=\"async\" width=\"960\" height=\"720\" src=\"https:\/\/www.blogs.unicamp.br\/cienciaepolitica\/wp-content\/uploads\/sites\/290\/2022\/05\/Imagem_Tributos_2.png\" class=\"attachment-post-thumbnail size-post-thumbnail wp-post-image\" alt=\"O Brasil tem a maior carga tribut\u00e1ria do mundo?\" style=\"object-fit:cover;\" srcset=\"https:\/\/www.blogs.unicamp.br\/cienciaepolitica\/wp-content\/uploads\/sites\/290\/2022\/05\/Imagem_Tributos_2.png 960w, https:\/\/www.blogs.unicamp.br\/cienciaepolitica\/wp-content\/uploads\/sites\/290\/2022\/05\/Imagem_Tributos_2-300x225.png 300w, https:\/\/www.blogs.unicamp.br\/cienciaepolitica\/wp-content\/uploads\/sites\/290\/2022\/05\/Imagem_Tributos_2-768x576.png 768w, https:\/\/www.blogs.unicamp.br\/cienciaepolitica\/wp-content\/uploads\/sites\/290\/2022\/05\/Imagem_Tributos_2-500x375.png 500w, https:\/\/www.blogs.unicamp.br\/cienciaepolitica\/wp-content\/uploads\/sites\/290\/2022\/05\/Imagem_Tributos_2-800x600.png 800w\" sizes=\"(max-width: 960px) 100vw, 960px\" \/><\/a><\/figure><\/div>\n\n\n\n<div class=\"wp-block-column is-vertically-aligned-center eplus-wrapper is-layout-flow wp-block-column-is-layout-flow\" style=\"flex-basis:33.33%\"><h4 style=\"font-style:normal;font-weight:700; margin-top:20px;margin-right:20px;margin-bottom:20px;margin-left:20px;\" class=\"has-link-color wp-elements-0d5534d15408dced2f1a521f7b4a9bbe wp-block-post-title has-text-color has-secondary-color\"><a href=\"https:\/\/www.blogs.unicamp.br\/cienciaepolitica\/2022\/05\/02\/o-brasil-tem-a-maior-carga-tributaria-do-mundo\/\" target=\"_self\" >O Brasil tem a maior carga tribut\u00e1ria do mundo?<\/a><\/h4>\n\n<div style=\"font-style:normal;font-weight:700\" class=\"taxonomy-category has-text-align-center has-link-color wp-elements-f174ecd900ab612ceaa360815bc9e731 wp-block-post-terms has-text-color has-foreground-color has-background has-secondary-background-color\"><a href=\"https:\/\/www.blogs.unicamp.br\/cienciaepolitica\/category\/2022\/\" rel=\"tag\">2022<\/a><span class=\"wp-block-post-terms__separator\">, <\/span><a href=\"https:\/\/www.blogs.unicamp.br\/cienciaepolitica\/category\/2022\/economia\/\" rel=\"tag\">Economia<\/a><\/div><\/div>\n<\/div>\n\n<\/li><li class=\"wp-block-post post-627 post type-post status-publish format-standard has-post-thumbnail hentry category-5 category-historia-e-sociedade category-politicas-publicas tag-censura tag-codigo-de-etica tag-codigo-de-etica-do-cinema tag-codigo-de-etica-dos-quadrinhos tag-comunicacao tag-hqs tag-politica tag-quadrinhos\">\n\n<div class=\"wp-block-columns are-vertically-aligned-center eplus-wrapper is-layout-flex wp-container-core-columns-is-layout-28f84493 wp-block-columns-is-layout-flex\">\n<div class=\"wp-block-column is-vertically-aligned-center eplus-wrapper is-layout-flow wp-block-column-is-layout-flow\" style=\"flex-basis:66.66%\"><figure class=\"wp-block-post-featured-image wp-duotone-0c003a-rgb2502290-18\"><a href=\"https:\/\/www.blogs.unicamp.br\/cienciaepolitica\/2022\/05\/02\/a-politica-e-as-historias-em-quadrinhos\/\" target=\"_self\"  ><img loading=\"lazy\" decoding=\"async\" width=\"810\" height=\"552\" src=\"https:\/\/www.blogs.unicamp.br\/cienciaepolitica\/wp-content\/uploads\/sites\/290\/2022\/05\/imagem-abre-parte-ii-cap8-810x552-1.jpg\" class=\"attachment-post-thumbnail size-post-thumbnail wp-post-image\" alt=\"A pol\u00edtica e as hist\u00f3rias em quadrinhos\" style=\"object-fit:cover;\" srcset=\"https:\/\/www.blogs.unicamp.br\/cienciaepolitica\/wp-content\/uploads\/sites\/290\/2022\/05\/imagem-abre-parte-ii-cap8-810x552-1.jpg 810w, https:\/\/www.blogs.unicamp.br\/cienciaepolitica\/wp-content\/uploads\/sites\/290\/2022\/05\/imagem-abre-parte-ii-cap8-810x552-1-300x204.jpg 300w, https:\/\/www.blogs.unicamp.br\/cienciaepolitica\/wp-content\/uploads\/sites\/290\/2022\/05\/imagem-abre-parte-ii-cap8-810x552-1-768x523.jpg 768w, https:\/\/www.blogs.unicamp.br\/cienciaepolitica\/wp-content\/uploads\/sites\/290\/2022\/05\/imagem-abre-parte-ii-cap8-810x552-1-500x341.jpg 500w, https:\/\/www.blogs.unicamp.br\/cienciaepolitica\/wp-content\/uploads\/sites\/290\/2022\/05\/imagem-abre-parte-ii-cap8-810x552-1-800x545.jpg 800w\" sizes=\"(max-width: 810px) 100vw, 810px\" \/><\/a><\/figure><\/div>\n\n\n\n<div class=\"wp-block-column is-vertically-aligned-center eplus-wrapper is-layout-flow wp-block-column-is-layout-flow\" style=\"flex-basis:33.33%\"><h4 style=\"font-style:normal;font-weight:700; margin-top:20px;margin-right:20px;margin-bottom:20px;margin-left:20px;\" class=\"has-link-color wp-elements-0d5534d15408dced2f1a521f7b4a9bbe wp-block-post-title has-text-color has-secondary-color\"><a href=\"https:\/\/www.blogs.unicamp.br\/cienciaepolitica\/2022\/05\/02\/a-politica-e-as-historias-em-quadrinhos\/\" target=\"_self\" >A pol\u00edtica e as hist\u00f3rias em quadrinhos<\/a><\/h4>\n\n<div style=\"font-style:normal;font-weight:700\" class=\"taxonomy-category has-text-align-center has-link-color wp-elements-f174ecd900ab612ceaa360815bc9e731 wp-block-post-terms has-text-color has-foreground-color has-background has-secondary-background-color\"><a href=\"https:\/\/www.blogs.unicamp.br\/cienciaepolitica\/category\/2022\/\" rel=\"tag\">2022<\/a><span class=\"wp-block-post-terms__separator\">, <\/span><a href=\"https:\/\/www.blogs.unicamp.br\/cienciaepolitica\/category\/2022\/historia-e-sociedade\/\" rel=\"tag\">Hist\u00f3ria e Sociedade<\/a><span class=\"wp-block-post-terms__separator\">, <\/span><a href=\"https:\/\/www.blogs.unicamp.br\/cienciaepolitica\/category\/2022\/politicas-publicas\/\" rel=\"tag\">Pol\u00edticas P\u00fablicas<\/a><\/div><\/div>\n<\/div>\n\n<\/li><li class=\"wp-block-post post-284 post type-post status-publish format-standard has-post-thumbnail hentry category-5 category-politicas-publicas category-saude\">\n\n<div class=\"wp-block-columns are-vertically-aligned-center eplus-wrapper is-layout-flex wp-container-core-columns-is-layout-28f84493 wp-block-columns-is-layout-flex\">\n<div class=\"wp-block-column is-vertically-aligned-center eplus-wrapper is-layout-flow wp-block-column-is-layout-flow\" style=\"flex-basis:66.66%\"><figure class=\"wp-block-post-featured-image wp-duotone-0c003a-rgb2502290-19\"><a href=\"https:\/\/www.blogs.unicamp.br\/cienciaepolitica\/2022\/04\/14\/por-que-aborto-e-um-tema-de-saude-publica\/\" target=\"_self\"  ><img loading=\"lazy\" decoding=\"async\" width=\"1920\" height=\"1080\" src=\"https:\/\/www.blogs.unicamp.br\/cienciaepolitica\/wp-content\/uploads\/sites\/290\/2022\/05\/Imagem-Revista-Piaui.png\" class=\"attachment-post-thumbnail size-post-thumbnail wp-post-image\" alt=\"Por que aborto \u00e9 um tema de Sa\u00fade P\u00fablica?\" style=\"object-fit:cover;\" srcset=\"https:\/\/www.blogs.unicamp.br\/cienciaepolitica\/wp-content\/uploads\/sites\/290\/2022\/05\/Imagem-Revista-Piaui.png 1920w, https:\/\/www.blogs.unicamp.br\/cienciaepolitica\/wp-content\/uploads\/sites\/290\/2022\/05\/Imagem-Revista-Piaui-300x169.png 300w, https:\/\/www.blogs.unicamp.br\/cienciaepolitica\/wp-content\/uploads\/sites\/290\/2022\/05\/Imagem-Revista-Piaui-1024x576.png 1024w, https:\/\/www.blogs.unicamp.br\/cienciaepolitica\/wp-content\/uploads\/sites\/290\/2022\/05\/Imagem-Revista-Piaui-768x432.png 768w, https:\/\/www.blogs.unicamp.br\/cienciaepolitica\/wp-content\/uploads\/sites\/290\/2022\/05\/Imagem-Revista-Piaui-1536x864.png 1536w, https:\/\/www.blogs.unicamp.br\/cienciaepolitica\/wp-content\/uploads\/sites\/290\/2022\/05\/Imagem-Revista-Piaui-500x281.png 500w, https:\/\/www.blogs.unicamp.br\/cienciaepolitica\/wp-content\/uploads\/sites\/290\/2022\/05\/Imagem-Revista-Piaui-800x450.png 800w, https:\/\/www.blogs.unicamp.br\/cienciaepolitica\/wp-content\/uploads\/sites\/290\/2022\/05\/Imagem-Revista-Piaui-1280x720.png 1280w\" sizes=\"(max-width: 1920px) 100vw, 1920px\" \/><\/a><\/figure><\/div>\n\n\n\n<div class=\"wp-block-column is-vertically-aligned-center eplus-wrapper is-layout-flow wp-block-column-is-layout-flow\" style=\"flex-basis:33.33%\"><h4 style=\"font-style:normal;font-weight:700; margin-top:20px;margin-right:20px;margin-bottom:20px;margin-left:20px;\" class=\"has-link-color wp-elements-0d5534d15408dced2f1a521f7b4a9bbe wp-block-post-title has-text-color has-secondary-color\"><a href=\"https:\/\/www.blogs.unicamp.br\/cienciaepolitica\/2022\/04\/14\/por-que-aborto-e-um-tema-de-saude-publica\/\" target=\"_self\" >Por que aborto \u00e9 um tema de Sa\u00fade P\u00fablica?<\/a><\/h4>\n\n<div style=\"font-style:normal;font-weight:700\" class=\"taxonomy-category has-text-align-center has-link-color wp-elements-f174ecd900ab612ceaa360815bc9e731 wp-block-post-terms has-text-color has-foreground-color has-background has-secondary-background-color\"><a href=\"https:\/\/www.blogs.unicamp.br\/cienciaepolitica\/category\/2022\/\" rel=\"tag\">2022<\/a><span class=\"wp-block-post-terms__separator\">, <\/span><a href=\"https:\/\/www.blogs.unicamp.br\/cienciaepolitica\/category\/2022\/politicas-publicas\/\" rel=\"tag\">Pol\u00edticas P\u00fablicas<\/a><span class=\"wp-block-post-terms__separator\">, <\/span><a href=\"https:\/\/www.blogs.unicamp.br\/cienciaepolitica\/category\/2022\/saude\/\" rel=\"tag\">Sa\u00fade<\/a><\/div><\/div>\n<\/div>\n\n<\/li><li class=\"wp-block-post post-633 post type-post status-publish format-standard has-post-thumbnail hentry category-5 category-historia-e-sociedade category-politicas-publicas tag-blacklivesmatters tag-vidasnegrasimportam tag-anti-racismo tag-antifascismo tag-black-lives-matter tag-blogs-de-ciencia-unicamp tag-editorial tag-posicionamento-politico tag-racismo tag-vidas-negras tag-vidas-negras-importam\">\n\n<div class=\"wp-block-columns are-vertically-aligned-center eplus-wrapper is-layout-flex wp-container-core-columns-is-layout-28f84493 wp-block-columns-is-layout-flex\">\n<div class=\"wp-block-column is-vertically-aligned-center eplus-wrapper is-layout-flow wp-block-column-is-layout-flow\" style=\"flex-basis:66.66%\"><figure class=\"wp-block-post-featured-image wp-duotone-0c003a-rgb2502290-20\"><a href=\"https:\/\/www.blogs.unicamp.br\/cienciaepolitica\/2022\/03\/24\/vidas-negras-importam-black-lives-matter\/\" target=\"_self\"  ><img loading=\"lazy\" decoding=\"async\" width=\"810\" height=\"450\" src=\"https:\/\/www.blogs.unicamp.br\/cienciaepolitica\/wp-content\/uploads\/sites\/290\/2022\/05\/ede111a81105799de4a18f4c7dac868eb205201a.png\" class=\"attachment-post-thumbnail size-post-thumbnail wp-post-image\" alt=\"Vidas negras importam \u2013 Black lives matter\" style=\"object-fit:cover;\" srcset=\"https:\/\/www.blogs.unicamp.br\/cienciaepolitica\/wp-content\/uploads\/sites\/290\/2022\/05\/ede111a81105799de4a18f4c7dac868eb205201a.png 810w, https:\/\/www.blogs.unicamp.br\/cienciaepolitica\/wp-content\/uploads\/sites\/290\/2022\/05\/ede111a81105799de4a18f4c7dac868eb205201a-300x167.png 300w, https:\/\/www.blogs.unicamp.br\/cienciaepolitica\/wp-content\/uploads\/sites\/290\/2022\/05\/ede111a81105799de4a18f4c7dac868eb205201a-768x427.png 768w, https:\/\/www.blogs.unicamp.br\/cienciaepolitica\/wp-content\/uploads\/sites\/290\/2022\/05\/ede111a81105799de4a18f4c7dac868eb205201a-500x278.png 500w, https:\/\/www.blogs.unicamp.br\/cienciaepolitica\/wp-content\/uploads\/sites\/290\/2022\/05\/ede111a81105799de4a18f4c7dac868eb205201a-800x444.png 800w\" sizes=\"(max-width: 810px) 100vw, 810px\" \/><\/a><\/figure><\/div>\n\n\n\n<div class=\"wp-block-column is-vertically-aligned-center eplus-wrapper is-layout-flow wp-block-column-is-layout-flow\" style=\"flex-basis:33.33%\"><h4 style=\"font-style:normal;font-weight:700; margin-top:20px;margin-right:20px;margin-bottom:20px;margin-left:20px;\" class=\"has-link-color wp-elements-0d5534d15408dced2f1a521f7b4a9bbe wp-block-post-title has-text-color has-secondary-color\"><a href=\"https:\/\/www.blogs.unicamp.br\/cienciaepolitica\/2022\/03\/24\/vidas-negras-importam-black-lives-matter\/\" target=\"_self\" >Vidas negras importam \u2013 Black lives matter<\/a><\/h4>\n\n<div style=\"font-style:normal;font-weight:700\" class=\"taxonomy-category has-text-align-center has-link-color wp-elements-f174ecd900ab612ceaa360815bc9e731 wp-block-post-terms has-text-color has-foreground-color has-background has-secondary-background-color\"><a href=\"https:\/\/www.blogs.unicamp.br\/cienciaepolitica\/category\/2022\/\" rel=\"tag\">2022<\/a><span class=\"wp-block-post-terms__separator\">, <\/span><a href=\"https:\/\/www.blogs.unicamp.br\/cienciaepolitica\/category\/2022\/historia-e-sociedade\/\" rel=\"tag\">Hist\u00f3ria e Sociedade<\/a><span class=\"wp-block-post-terms__separator\">, <\/span><a href=\"https:\/\/www.blogs.unicamp.br\/cienciaepolitica\/category\/2022\/politicas-publicas\/\" rel=\"tag\">Pol\u00edticas P\u00fablicas<\/a><\/div><\/div>\n<\/div>\n\n<\/li><li class=\"wp-block-post post-286 post type-post status-publish format-standard has-post-thumbnail hentry category-5 tag-especulacao-imobiliaria tag-fads tag-frente-ampla-democratica-socioambiental tag-legislacao-ambiental tag-litoral tag-ocupacao-litoranea\">\n\n<div class=\"wp-block-columns are-vertically-aligned-center eplus-wrapper is-layout-flex wp-container-core-columns-is-layout-28f84493 wp-block-columns-is-layout-flex\">\n<div class=\"wp-block-column is-vertically-aligned-center eplus-wrapper is-layout-flow wp-block-column-is-layout-flow\" style=\"flex-basis:66.66%\"><figure class=\"wp-block-post-featured-image wp-duotone-0c003a-rgb2502290-21\"><a href=\"https:\/\/www.blogs.unicamp.br\/cienciaepolitica\/2022\/02\/24\/em-governo-de-milico-entreguista-marinha-perde-propriedade-de-praias-brasileiras\/\" target=\"_self\"  ><img loading=\"lazy\" decoding=\"async\" width=\"1920\" height=\"1080\" src=\"https:\/\/www.blogs.unicamp.br\/cienciaepolitica\/wp-content\/uploads\/sites\/290\/2022\/05\/monkey-g4ed2b13da_1920.jpg\" class=\"attachment-post-thumbnail size-post-thumbnail wp-post-image\" alt=\"Em governo de milico entreguista, Marinha perde propriedade de praias brasileiras\" style=\"object-fit:cover;\" srcset=\"https:\/\/www.blogs.unicamp.br\/cienciaepolitica\/wp-content\/uploads\/sites\/290\/2022\/05\/monkey-g4ed2b13da_1920.jpg 1920w, https:\/\/www.blogs.unicamp.br\/cienciaepolitica\/wp-content\/uploads\/sites\/290\/2022\/05\/monkey-g4ed2b13da_1920-300x169.jpg 300w, https:\/\/www.blogs.unicamp.br\/cienciaepolitica\/wp-content\/uploads\/sites\/290\/2022\/05\/monkey-g4ed2b13da_1920-1024x576.jpg 1024w, https:\/\/www.blogs.unicamp.br\/cienciaepolitica\/wp-content\/uploads\/sites\/290\/2022\/05\/monkey-g4ed2b13da_1920-768x432.jpg 768w, https:\/\/www.blogs.unicamp.br\/cienciaepolitica\/wp-content\/uploads\/sites\/290\/2022\/05\/monkey-g4ed2b13da_1920-1536x864.jpg 1536w, https:\/\/www.blogs.unicamp.br\/cienciaepolitica\/wp-content\/uploads\/sites\/290\/2022\/05\/monkey-g4ed2b13da_1920-500x281.jpg 500w, https:\/\/www.blogs.unicamp.br\/cienciaepolitica\/wp-content\/uploads\/sites\/290\/2022\/05\/monkey-g4ed2b13da_1920-800x450.jpg 800w, https:\/\/www.blogs.unicamp.br\/cienciaepolitica\/wp-content\/uploads\/sites\/290\/2022\/05\/monkey-g4ed2b13da_1920-1280x720.jpg 1280w\" sizes=\"(max-width: 1920px) 100vw, 1920px\" \/><\/a><\/figure><\/div>\n\n\n\n<div class=\"wp-block-column is-vertically-aligned-center eplus-wrapper is-layout-flow wp-block-column-is-layout-flow\" style=\"flex-basis:33.33%\"><h4 style=\"font-style:normal;font-weight:700; margin-top:20px;margin-right:20px;margin-bottom:20px;margin-left:20px;\" class=\"has-link-color wp-elements-0d5534d15408dced2f1a521f7b4a9bbe wp-block-post-title has-text-color has-secondary-color\"><a href=\"https:\/\/www.blogs.unicamp.br\/cienciaepolitica\/2022\/02\/24\/em-governo-de-milico-entreguista-marinha-perde-propriedade-de-praias-brasileiras\/\" target=\"_self\" >Em governo de milico entreguista, Marinha perde propriedade de praias brasileiras<\/a><\/h4>\n\n<div style=\"font-style:normal;font-weight:700\" class=\"taxonomy-category has-text-align-center has-link-color wp-elements-f174ecd900ab612ceaa360815bc9e731 wp-block-post-terms has-text-color has-foreground-color has-background has-secondary-background-color\"><a href=\"https:\/\/www.blogs.unicamp.br\/cienciaepolitica\/category\/2022\/\" rel=\"tag\">2022<\/a><\/div><\/div>\n<\/div>\n\n<\/li><li class=\"wp-block-post post-288 post type-post status-publish format-standard has-post-thumbnail hentry category-5 category-meio-ambiente tag-agricultura tag-agronegocio tag-agrotoxicos tag-pesticidas tag-veneno\">\n\n<div class=\"wp-block-columns are-vertically-aligned-center eplus-wrapper is-layout-flex wp-container-core-columns-is-layout-28f84493 wp-block-columns-is-layout-flex\">\n<div class=\"wp-block-column is-vertically-aligned-center eplus-wrapper is-layout-flow wp-block-column-is-layout-flow\" style=\"flex-basis:66.66%\"><figure class=\"wp-block-post-featured-image wp-duotone-0c003a-rgb2502290-22\"><a href=\"https:\/\/www.blogs.unicamp.br\/cienciaepolitica\/2022\/02\/15\/no-brasil-e-mais-facil-vacinar-criancas-ou-envenena-las\/\" target=\"_self\"  ><img loading=\"lazy\" decoding=\"async\" width=\"1920\" height=\"1271\" src=\"https:\/\/www.blogs.unicamp.br\/cienciaepolitica\/wp-content\/uploads\/sites\/290\/2022\/05\/herbicide-g1d0a59430_1920.jpg\" class=\"attachment-post-thumbnail size-post-thumbnail wp-post-image\" alt=\"No Brasil, \u00e9 mais f\u00e1cil vacinar crian\u00e7as ou envenen\u00e1-las?\" style=\"object-fit:cover;\" srcset=\"https:\/\/www.blogs.unicamp.br\/cienciaepolitica\/wp-content\/uploads\/sites\/290\/2022\/05\/herbicide-g1d0a59430_1920.jpg 1920w, https:\/\/www.blogs.unicamp.br\/cienciaepolitica\/wp-content\/uploads\/sites\/290\/2022\/05\/herbicide-g1d0a59430_1920-300x199.jpg 300w, https:\/\/www.blogs.unicamp.br\/cienciaepolitica\/wp-content\/uploads\/sites\/290\/2022\/05\/herbicide-g1d0a59430_1920-1024x678.jpg 1024w, https:\/\/www.blogs.unicamp.br\/cienciaepolitica\/wp-content\/uploads\/sites\/290\/2022\/05\/herbicide-g1d0a59430_1920-768x508.jpg 768w, https:\/\/www.blogs.unicamp.br\/cienciaepolitica\/wp-content\/uploads\/sites\/290\/2022\/05\/herbicide-g1d0a59430_1920-1536x1017.jpg 1536w, https:\/\/www.blogs.unicamp.br\/cienciaepolitica\/wp-content\/uploads\/sites\/290\/2022\/05\/herbicide-g1d0a59430_1920-500x331.jpg 500w, https:\/\/www.blogs.unicamp.br\/cienciaepolitica\/wp-content\/uploads\/sites\/290\/2022\/05\/herbicide-g1d0a59430_1920-800x530.jpg 800w, https:\/\/www.blogs.unicamp.br\/cienciaepolitica\/wp-content\/uploads\/sites\/290\/2022\/05\/herbicide-g1d0a59430_1920-1280x847.jpg 1280w\" sizes=\"(max-width: 1920px) 100vw, 1920px\" \/><\/a><\/figure><\/div>\n\n\n\n<div class=\"wp-block-column is-vertically-aligned-center eplus-wrapper is-layout-flow wp-block-column-is-layout-flow\" style=\"flex-basis:33.33%\"><h4 style=\"font-style:normal;font-weight:700; margin-top:20px;margin-right:20px;margin-bottom:20px;margin-left:20px;\" class=\"has-link-color wp-elements-0d5534d15408dced2f1a521f7b4a9bbe wp-block-post-title has-text-color has-secondary-color\"><a href=\"https:\/\/www.blogs.unicamp.br\/cienciaepolitica\/2022\/02\/15\/no-brasil-e-mais-facil-vacinar-criancas-ou-envenena-las\/\" target=\"_self\" >No Brasil, \u00e9 mais f\u00e1cil vacinar crian\u00e7as ou envenen\u00e1-las?<\/a><\/h4>\n\n<div style=\"font-style:normal;font-weight:700\" class=\"taxonomy-category has-text-align-center has-link-color wp-elements-f174ecd900ab612ceaa360815bc9e731 wp-block-post-terms has-text-color has-foreground-color has-background has-secondary-background-color\"><a href=\"https:\/\/www.blogs.unicamp.br\/cienciaepolitica\/category\/2022\/\" rel=\"tag\">2022<\/a><span class=\"wp-block-post-terms__separator\">, <\/span><a href=\"https:\/\/www.blogs.unicamp.br\/cienciaepolitica\/category\/2022\/meio-ambiente\/\" rel=\"tag\">Meio Ambiente<\/a><\/div><\/div>\n<\/div>\n\n<\/li><li class=\"wp-block-post post-655 post type-post status-publish format-standard has-post-thumbnail hentry category-5 category-historia-e-sociedade category-politicas-publicas tag-arte\">\n\n<div class=\"wp-block-columns are-vertically-aligned-center eplus-wrapper is-layout-flex wp-container-core-columns-is-layout-28f84493 wp-block-columns-is-layout-flex\">\n<div class=\"wp-block-column is-vertically-aligned-center eplus-wrapper is-layout-flow wp-block-column-is-layout-flow\" style=\"flex-basis:66.66%\"><figure class=\"wp-block-post-featured-image wp-duotone-0c003a-rgb2502290-23\"><a href=\"https:\/\/www.blogs.unicamp.br\/cienciaepolitica\/2022\/02\/10\/arte-e-gastos-publicos\/\" target=\"_self\"  ><img loading=\"lazy\" decoding=\"async\" width=\"1080\" height=\"878\" src=\"https:\/\/www.blogs.unicamp.br\/cienciaepolitica\/wp-content\/uploads\/sites\/290\/2022\/05\/273574772_3048726815350247_1627584278868474206_n.jpg\" class=\"attachment-post-thumbnail size-post-thumbnail wp-post-image\" alt=\"Arte e gastos p\u00fablicos\" style=\"object-fit:cover;\" srcset=\"https:\/\/www.blogs.unicamp.br\/cienciaepolitica\/wp-content\/uploads\/sites\/290\/2022\/05\/273574772_3048726815350247_1627584278868474206_n.jpg 1080w, https:\/\/www.blogs.unicamp.br\/cienciaepolitica\/wp-content\/uploads\/sites\/290\/2022\/05\/273574772_3048726815350247_1627584278868474206_n-300x244.jpg 300w, https:\/\/www.blogs.unicamp.br\/cienciaepolitica\/wp-content\/uploads\/sites\/290\/2022\/05\/273574772_3048726815350247_1627584278868474206_n-1024x832.jpg 1024w, https:\/\/www.blogs.unicamp.br\/cienciaepolitica\/wp-content\/uploads\/sites\/290\/2022\/05\/273574772_3048726815350247_1627584278868474206_n-768x624.jpg 768w, https:\/\/www.blogs.unicamp.br\/cienciaepolitica\/wp-content\/uploads\/sites\/290\/2022\/05\/273574772_3048726815350247_1627584278868474206_n-500x406.jpg 500w, https:\/\/www.blogs.unicamp.br\/cienciaepolitica\/wp-content\/uploads\/sites\/290\/2022\/05\/273574772_3048726815350247_1627584278868474206_n-800x650.jpg 800w\" sizes=\"(max-width: 1080px) 100vw, 1080px\" \/><\/a><\/figure><\/div>\n\n\n\n<div class=\"wp-block-column is-vertically-aligned-center eplus-wrapper is-layout-flow wp-block-column-is-layout-flow\" style=\"flex-basis:33.33%\"><h4 style=\"font-style:normal;font-weight:700; margin-top:20px;margin-right:20px;margin-bottom:20px;margin-left:20px;\" class=\"has-link-color wp-elements-0d5534d15408dced2f1a521f7b4a9bbe wp-block-post-title has-text-color has-secondary-color\"><a href=\"https:\/\/www.blogs.unicamp.br\/cienciaepolitica\/2022\/02\/10\/arte-e-gastos-publicos\/\" target=\"_self\" >Arte e gastos p\u00fablicos<\/a><\/h4>\n\n<div style=\"font-style:normal;font-weight:700\" class=\"taxonomy-category has-text-align-center has-link-color wp-elements-f174ecd900ab612ceaa360815bc9e731 wp-block-post-terms has-text-color has-foreground-color has-background has-secondary-background-color\"><a href=\"https:\/\/www.blogs.unicamp.br\/cienciaepolitica\/category\/2022\/\" rel=\"tag\">2022<\/a><span class=\"wp-block-post-terms__separator\">, <\/span><a href=\"https:\/\/www.blogs.unicamp.br\/cienciaepolitica\/category\/2022\/historia-e-sociedade\/\" rel=\"tag\">Hist\u00f3ria e Sociedade<\/a><span class=\"wp-block-post-terms__separator\">, <\/span><a href=\"https:\/\/www.blogs.unicamp.br\/cienciaepolitica\/category\/2022\/politicas-publicas\/\" rel=\"tag\">Pol\u00edticas P\u00fablicas<\/a><\/div><\/div>\n<\/div>\n\n<\/li><li class=\"wp-block-post post-629 post type-post status-publish format-standard has-post-thumbnail hentry category-5 category-comunicacao-e-desinformacao category-politicas-publicas tag-analise-de-discurso tag-carlos-marighella tag-cinema tag-comunicacao tag-marighella tag-politica tag-valetin-volochinov tag-wagner-moura\">\n\n<div class=\"wp-block-columns are-vertically-aligned-center eplus-wrapper is-layout-flex wp-container-core-columns-is-layout-28f84493 wp-block-columns-is-layout-flex\">\n<div class=\"wp-block-column is-vertically-aligned-center eplus-wrapper is-layout-flow wp-block-column-is-layout-flow\" style=\"flex-basis:66.66%\"><figure class=\"wp-block-post-featured-image wp-duotone-0c003a-rgb2502290-24\"><a href=\"https:\/\/www.blogs.unicamp.br\/cienciaepolitica\/2022\/01\/10\/volochinov-marighella-e-o-camarao-de-wagner-moura\/\" target=\"_self\"  ><img loading=\"lazy\" decoding=\"async\" width=\"551\" height=\"315\" src=\"https:\/\/www.blogs.unicamp.br\/cienciaepolitica\/wp-content\/uploads\/sites\/290\/2022\/05\/801f9cbd371b0fb8e7436a0199d77661.jpg\" class=\"attachment-post-thumbnail size-post-thumbnail wp-post-image\" alt=\"Vol\u00f3chinov, Marighella e o camar\u00e3o de Wagner Moura\" style=\"object-fit:cover;\" srcset=\"https:\/\/www.blogs.unicamp.br\/cienciaepolitica\/wp-content\/uploads\/sites\/290\/2022\/05\/801f9cbd371b0fb8e7436a0199d77661.jpg 551w, https:\/\/www.blogs.unicamp.br\/cienciaepolitica\/wp-content\/uploads\/sites\/290\/2022\/05\/801f9cbd371b0fb8e7436a0199d77661-300x172.jpg 300w, https:\/\/www.blogs.unicamp.br\/cienciaepolitica\/wp-content\/uploads\/sites\/290\/2022\/05\/801f9cbd371b0fb8e7436a0199d77661-500x286.jpg 500w\" sizes=\"(max-width: 551px) 100vw, 551px\" \/><\/a><\/figure><\/div>\n\n\n\n<div class=\"wp-block-column is-vertically-aligned-center eplus-wrapper is-layout-flow wp-block-column-is-layout-flow\" style=\"flex-basis:33.33%\"><h4 style=\"font-style:normal;font-weight:700; margin-top:20px;margin-right:20px;margin-bottom:20px;margin-left:20px;\" class=\"has-link-color wp-elements-0d5534d15408dced2f1a521f7b4a9bbe wp-block-post-title has-text-color has-secondary-color\"><a href=\"https:\/\/www.blogs.unicamp.br\/cienciaepolitica\/2022\/01\/10\/volochinov-marighella-e-o-camarao-de-wagner-moura\/\" target=\"_self\" >Vol\u00f3chinov, Marighella e o camar\u00e3o de Wagner Moura<\/a><\/h4>\n\n<div style=\"font-style:normal;font-weight:700\" class=\"taxonomy-category has-text-align-center has-link-color wp-elements-f174ecd900ab612ceaa360815bc9e731 wp-block-post-terms has-text-color has-foreground-color has-background has-secondary-background-color\"><a href=\"https:\/\/www.blogs.unicamp.br\/cienciaepolitica\/category\/2022\/\" rel=\"tag\">2022<\/a><span class=\"wp-block-post-terms__separator\">, <\/span><a href=\"https:\/\/www.blogs.unicamp.br\/cienciaepolitica\/category\/2022\/comunicacao-e-desinformacao\/\" rel=\"tag\">Comunica\u00e7\u00e3o e Desinforma\u00e7\u00e3o<\/a><span class=\"wp-block-post-terms__separator\">, <\/span><a href=\"https:\/\/www.blogs.unicamp.br\/cienciaepolitica\/category\/2022\/politicas-publicas\/\" rel=\"tag\">Pol\u00edticas P\u00fablicas<\/a><\/div><\/div>\n<\/div>\n\n<\/li><li class=\"wp-block-post post-645 post type-post status-publish format-standard has-post-thumbnail hentry category-5 category-historia-e-sociedade tag-ciencia tag-conservadorismo tag-direita tag-esquerda tag-felicidade tag-governo tag-ideologia tag-ideologia-politica tag-orientacao-ideologica tag-politica tag-progressismo tag-psicologia tag-psicologia-social\">\n\n<div class=\"wp-block-columns are-vertically-aligned-center eplus-wrapper is-layout-flex wp-container-core-columns-is-layout-28f84493 wp-block-columns-is-layout-flex\">\n<div class=\"wp-block-column is-vertically-aligned-center eplus-wrapper is-layout-flow wp-block-column-is-layout-flow\" style=\"flex-basis:66.66%\"><figure class=\"wp-block-post-featured-image wp-duotone-0c003a-rgb2502290-25\"><a href=\"https:\/\/www.blogs.unicamp.br\/cienciaepolitica\/2021\/12\/30\/esquerda-e-direita-quem-e-mais-feliz-e-por-que\/\" target=\"_self\"  ><img loading=\"lazy\" decoding=\"async\" width=\"900\" height=\"302\" src=\"https:\/\/www.blogs.unicamp.br\/cienciaepolitica\/wp-content\/uploads\/sites\/290\/2022\/05\/Esquerda-vs-direita-capa-semipronta-maybe-pronta.jpg\" class=\"attachment-post-thumbnail size-post-thumbnail wp-post-image\" alt=\"Esquerda e direita: quem \u00e9 mais feliz? E por qu\u00ea?\" style=\"object-fit:cover;\" srcset=\"https:\/\/www.blogs.unicamp.br\/cienciaepolitica\/wp-content\/uploads\/sites\/290\/2022\/05\/Esquerda-vs-direita-capa-semipronta-maybe-pronta.jpg 900w, https:\/\/www.blogs.unicamp.br\/cienciaepolitica\/wp-content\/uploads\/sites\/290\/2022\/05\/Esquerda-vs-direita-capa-semipronta-maybe-pronta-300x101.jpg 300w, https:\/\/www.blogs.unicamp.br\/cienciaepolitica\/wp-content\/uploads\/sites\/290\/2022\/05\/Esquerda-vs-direita-capa-semipronta-maybe-pronta-768x258.jpg 768w, https:\/\/www.blogs.unicamp.br\/cienciaepolitica\/wp-content\/uploads\/sites\/290\/2022\/05\/Esquerda-vs-direita-capa-semipronta-maybe-pronta-500x168.jpg 500w, https:\/\/www.blogs.unicamp.br\/cienciaepolitica\/wp-content\/uploads\/sites\/290\/2022\/05\/Esquerda-vs-direita-capa-semipronta-maybe-pronta-800x268.jpg 800w\" sizes=\"(max-width: 900px) 100vw, 900px\" \/><\/a><\/figure><\/div>\n\n\n\n<div class=\"wp-block-column is-vertically-aligned-center eplus-wrapper is-layout-flow wp-block-column-is-layout-flow\" style=\"flex-basis:33.33%\"><h4 style=\"font-style:normal;font-weight:700; margin-top:20px;margin-right:20px;margin-bottom:20px;margin-left:20px;\" class=\"has-link-color wp-elements-0d5534d15408dced2f1a521f7b4a9bbe wp-block-post-title has-text-color has-secondary-color\"><a href=\"https:\/\/www.blogs.unicamp.br\/cienciaepolitica\/2021\/12\/30\/esquerda-e-direita-quem-e-mais-feliz-e-por-que\/\" target=\"_self\" >Esquerda e direita: quem \u00e9 mais feliz? E por qu\u00ea?<\/a><\/h4>\n\n<div style=\"font-style:normal;font-weight:700\" class=\"taxonomy-category has-text-align-center has-link-color wp-elements-f174ecd900ab612ceaa360815bc9e731 wp-block-post-terms has-text-color has-foreground-color has-background has-secondary-background-color\"><a href=\"https:\/\/www.blogs.unicamp.br\/cienciaepolitica\/category\/2022\/\" rel=\"tag\">2022<\/a><span class=\"wp-block-post-terms__separator\">, <\/span><a href=\"https:\/\/www.blogs.unicamp.br\/cienciaepolitica\/category\/2022\/historia-e-sociedade\/\" rel=\"tag\">Hist\u00f3ria e Sociedade<\/a><\/div><\/div>\n<\/div>\n\n<\/li><li class=\"wp-block-post post-642 post type-post status-publish format-standard has-post-thumbnail hentry category-comunicacao-e-desinformacao category-historia-e-sociedade tag-analise-de-discurso tag-ciencia tag-comunicacao tag-coronavirus tag-covid-19 tag-divulgacao-cientifica tag-educacao tag-fake-news tag-marketing tag-midias-sociais tag-politica tag-publicidade tag-redes-sociais tag-spoiler\">\n\n<div class=\"wp-block-columns are-vertically-aligned-center eplus-wrapper is-layout-flex wp-container-core-columns-is-layout-28f84493 wp-block-columns-is-layout-flex\">\n<div class=\"wp-block-column is-vertically-aligned-center eplus-wrapper is-layout-flow wp-block-column-is-layout-flow\" style=\"flex-basis:66.66%\"><figure class=\"wp-block-post-featured-image wp-duotone-0c003a-rgb2502290-26\"><a href=\"https:\/\/www.blogs.unicamp.br\/cienciaepolitica\/2021\/12\/22\/o-spoiler-como-discurso\/\" target=\"_self\"  ><img loading=\"lazy\" decoding=\"async\" width=\"640\" height=\"185\" src=\"https:\/\/www.blogs.unicamp.br\/cienciaepolitica\/wp-content\/uploads\/sites\/290\/2022\/05\/1.png\" class=\"attachment-post-thumbnail size-post-thumbnail wp-post-image\" alt=\"O Spoiler como discurso\" style=\"object-fit:cover;\" srcset=\"https:\/\/www.blogs.unicamp.br\/cienciaepolitica\/wp-content\/uploads\/sites\/290\/2022\/05\/1.png 640w, https:\/\/www.blogs.unicamp.br\/cienciaepolitica\/wp-content\/uploads\/sites\/290\/2022\/05\/1-300x87.png 300w, https:\/\/www.blogs.unicamp.br\/cienciaepolitica\/wp-content\/uploads\/sites\/290\/2022\/05\/1-500x145.png 500w\" sizes=\"(max-width: 640px) 100vw, 640px\" \/><\/a><\/figure><\/div>\n\n\n\n<div class=\"wp-block-column is-vertically-aligned-center eplus-wrapper is-layout-flow wp-block-column-is-layout-flow\" style=\"flex-basis:33.33%\"><h4 style=\"font-style:normal;font-weight:700; margin-top:20px;margin-right:20px;margin-bottom:20px;margin-left:20px;\" class=\"has-link-color wp-elements-0d5534d15408dced2f1a521f7b4a9bbe wp-block-post-title has-text-color has-secondary-color\"><a href=\"https:\/\/www.blogs.unicamp.br\/cienciaepolitica\/2021\/12\/22\/o-spoiler-como-discurso\/\" target=\"_self\" >O Spoiler como discurso<\/a><\/h4>\n\n<div style=\"font-style:normal;font-weight:700\" class=\"taxonomy-category has-text-align-center has-link-color wp-elements-f174ecd900ab612ceaa360815bc9e731 wp-block-post-terms has-text-color has-foreground-color has-background has-secondary-background-color\"><a href=\"https:\/\/www.blogs.unicamp.br\/cienciaepolitica\/category\/2022\/comunicacao-e-desinformacao\/\" rel=\"tag\">Comunica\u00e7\u00e3o e Desinforma\u00e7\u00e3o<\/a><span class=\"wp-block-post-terms__separator\">, <\/span><a href=\"https:\/\/www.blogs.unicamp.br\/cienciaepolitica\/category\/2022\/historia-e-sociedade\/\" rel=\"tag\">Hist\u00f3ria e Sociedade<\/a><\/div><\/div>\n<\/div>\n\n<\/li><li class=\"wp-block-post post-290 post type-post status-publish format-standard has-post-thumbnail hentry category-5 category-meio-ambiente tag-clima tag-mudancas-climatica-cop26-cupula-do-clima-conferencia-das-partes-aquecimento-global-acordo-de-paris\">\n\n<div class=\"wp-block-columns are-vertically-aligned-center eplus-wrapper is-layout-flex wp-container-core-columns-is-layout-28f84493 wp-block-columns-is-layout-flex\">\n<div class=\"wp-block-column is-vertically-aligned-center eplus-wrapper is-layout-flow wp-block-column-is-layout-flow\" style=\"flex-basis:66.66%\"><figure class=\"wp-block-post-featured-image wp-duotone-0c003a-rgb2502290-27\"><a href=\"https:\/\/www.blogs.unicamp.br\/cienciaepolitica\/2021\/11\/13\/balanco-da-cop26-o-que-e-possivel-comemorar\/\" target=\"_self\"  ><img loading=\"lazy\" decoding=\"async\" width=\"2560\" height=\"1707\" src=\"https:\/\/www.blogs.unicamp.br\/cienciaepolitica\/wp-content\/uploads\/sites\/290\/2022\/05\/Delegates-and-participants-line-up-at-the-main-entrance-to-the-COP26-Climate-Change-Conference-2021-Glasgow-scaled-1.jpg\" class=\"attachment-post-thumbnail size-post-thumbnail wp-post-image\" alt=\"Balan\u00e7o da COP26: o que \u00e9 poss\u00edvel comemorar\" style=\"object-fit:cover;\" srcset=\"https:\/\/www.blogs.unicamp.br\/cienciaepolitica\/wp-content\/uploads\/sites\/290\/2022\/05\/Delegates-and-participants-line-up-at-the-main-entrance-to-the-COP26-Climate-Change-Conference-2021-Glasgow-scaled-1.jpg 2560w, https:\/\/www.blogs.unicamp.br\/cienciaepolitica\/wp-content\/uploads\/sites\/290\/2022\/05\/Delegates-and-participants-line-up-at-the-main-entrance-to-the-COP26-Climate-Change-Conference-2021-Glasgow-scaled-1-300x200.jpg 300w, https:\/\/www.blogs.unicamp.br\/cienciaepolitica\/wp-content\/uploads\/sites\/290\/2022\/05\/Delegates-and-participants-line-up-at-the-main-entrance-to-the-COP26-Climate-Change-Conference-2021-Glasgow-scaled-1-1024x683.jpg 1024w, https:\/\/www.blogs.unicamp.br\/cienciaepolitica\/wp-content\/uploads\/sites\/290\/2022\/05\/Delegates-and-participants-line-up-at-the-main-entrance-to-the-COP26-Climate-Change-Conference-2021-Glasgow-scaled-1-768x512.jpg 768w, https:\/\/www.blogs.unicamp.br\/cienciaepolitica\/wp-content\/uploads\/sites\/290\/2022\/05\/Delegates-and-participants-line-up-at-the-main-entrance-to-the-COP26-Climate-Change-Conference-2021-Glasgow-scaled-1-1536x1024.jpg 1536w, https:\/\/www.blogs.unicamp.br\/cienciaepolitica\/wp-content\/uploads\/sites\/290\/2022\/05\/Delegates-and-participants-line-up-at-the-main-entrance-to-the-COP26-Climate-Change-Conference-2021-Glasgow-scaled-1-2048x1366.jpg 2048w, https:\/\/www.blogs.unicamp.br\/cienciaepolitica\/wp-content\/uploads\/sites\/290\/2022\/05\/Delegates-and-participants-line-up-at-the-main-entrance-to-the-COP26-Climate-Change-Conference-2021-Glasgow-scaled-1-500x333.jpg 500w, https:\/\/www.blogs.unicamp.br\/cienciaepolitica\/wp-content\/uploads\/sites\/290\/2022\/05\/Delegates-and-participants-line-up-at-the-main-entrance-to-the-COP26-Climate-Change-Conference-2021-Glasgow-scaled-1-800x533.jpg 800w, https:\/\/www.blogs.unicamp.br\/cienciaepolitica\/wp-content\/uploads\/sites\/290\/2022\/05\/Delegates-and-participants-line-up-at-the-main-entrance-to-the-COP26-Climate-Change-Conference-2021-Glasgow-scaled-1-1280x854.jpg 1280w, https:\/\/www.blogs.unicamp.br\/cienciaepolitica\/wp-content\/uploads\/sites\/290\/2022\/05\/Delegates-and-participants-line-up-at-the-main-entrance-to-the-COP26-Climate-Change-Conference-2021-Glasgow-scaled-1-1920x1280.jpg 1920w, https:\/\/www.blogs.unicamp.br\/cienciaepolitica\/wp-content\/uploads\/sites\/290\/2022\/05\/Delegates-and-participants-line-up-at-the-main-entrance-to-the-COP26-Climate-Change-Conference-2021-Glasgow-scaled-1-272x182.jpg 272w\" sizes=\"(max-width: 2560px) 100vw, 2560px\" \/><\/a><\/figure><\/div>\n\n\n\n<div class=\"wp-block-column is-vertically-aligned-center eplus-wrapper is-layout-flow wp-block-column-is-layout-flow\" style=\"flex-basis:33.33%\"><h4 style=\"font-style:normal;font-weight:700; margin-top:20px;margin-right:20px;margin-bottom:20px;margin-left:20px;\" class=\"has-link-color wp-elements-0d5534d15408dced2f1a521f7b4a9bbe wp-block-post-title has-text-color has-secondary-color\"><a href=\"https:\/\/www.blogs.unicamp.br\/cienciaepolitica\/2021\/11\/13\/balanco-da-cop26-o-que-e-possivel-comemorar\/\" target=\"_self\" >Balan\u00e7o da COP26: o que \u00e9 poss\u00edvel comemorar<\/a><\/h4>\n\n<div style=\"font-style:normal;font-weight:700\" class=\"taxonomy-category has-text-align-center has-link-color wp-elements-f174ecd900ab612ceaa360815bc9e731 wp-block-post-terms has-text-color has-foreground-color has-background has-secondary-background-color\"><a href=\"https:\/\/www.blogs.unicamp.br\/cienciaepolitica\/category\/2022\/\" rel=\"tag\">2022<\/a><span class=\"wp-block-post-terms__separator\">, <\/span><a href=\"https:\/\/www.blogs.unicamp.br\/cienciaepolitica\/category\/2022\/meio-ambiente\/\" rel=\"tag\">Meio Ambiente<\/a><\/div><\/div>\n<\/div>\n\n<\/li><li class=\"wp-block-post post-292 post type-post status-publish format-standard has-post-thumbnail hentry category-5 category-discussoes\">\n\n<div class=\"wp-block-columns are-vertically-aligned-center eplus-wrapper is-layout-flex wp-container-core-columns-is-layout-28f84493 wp-block-columns-is-layout-flex\">\n<div class=\"wp-block-column is-vertically-aligned-center eplus-wrapper is-layout-flow wp-block-column-is-layout-flow\" style=\"flex-basis:66.66%\"><figure class=\"wp-block-post-featured-image wp-duotone-0c003a-rgb2502290-28\"><a href=\"https:\/\/www.blogs.unicamp.br\/cienciaepolitica\/2021\/11\/05\/porque-liberdade-de-expressao-nao-e-desculpa-para-falar-o-que-quiser-na-internet\/\" target=\"_self\"  ><img loading=\"lazy\" decoding=\"async\" width=\"755\" height=\"848\" src=\"https:\/\/www.blogs.unicamp.br\/cienciaepolitica\/wp-content\/uploads\/sites\/290\/2022\/05\/Capturar.png\" class=\"attachment-post-thumbnail size-post-thumbnail wp-post-image\" alt=\"Porque liberdade de express\u00e3o n\u00e3o \u00e9 desculpa para falar o que quiser na internet?\" style=\"object-fit:cover;\" srcset=\"https:\/\/www.blogs.unicamp.br\/cienciaepolitica\/wp-content\/uploads\/sites\/290\/2022\/05\/Capturar.png 755w, https:\/\/www.blogs.unicamp.br\/cienciaepolitica\/wp-content\/uploads\/sites\/290\/2022\/05\/Capturar-267x300.png 267w, https:\/\/www.blogs.unicamp.br\/cienciaepolitica\/wp-content\/uploads\/sites\/290\/2022\/05\/Capturar-500x562.png 500w\" sizes=\"(max-width: 755px) 100vw, 755px\" \/><\/a><\/figure><\/div>\n\n\n\n<div class=\"wp-block-column is-vertically-aligned-center eplus-wrapper is-layout-flow wp-block-column-is-layout-flow\" style=\"flex-basis:33.33%\"><h4 style=\"font-style:normal;font-weight:700; margin-top:20px;margin-right:20px;margin-bottom:20px;margin-left:20px;\" class=\"has-link-color wp-elements-0d5534d15408dced2f1a521f7b4a9bbe wp-block-post-title has-text-color has-secondary-color\"><a href=\"https:\/\/www.blogs.unicamp.br\/cienciaepolitica\/2021\/11\/05\/porque-liberdade-de-expressao-nao-e-desculpa-para-falar-o-que-quiser-na-internet\/\" target=\"_self\" >Porque liberdade de express\u00e3o n\u00e3o \u00e9 desculpa para falar o que quiser na internet?<\/a><\/h4>\n\n<div style=\"font-style:normal;font-weight:700\" class=\"taxonomy-category has-text-align-center has-link-color wp-elements-f174ecd900ab612ceaa360815bc9e731 wp-block-post-terms has-text-color has-foreground-color has-background has-secondary-background-color\"><a href=\"https:\/\/www.blogs.unicamp.br\/cienciaepolitica\/category\/2022\/\" rel=\"tag\">2022<\/a><span class=\"wp-block-post-terms__separator\">, <\/span><a href=\"https:\/\/www.blogs.unicamp.br\/cienciaepolitica\/category\/eleicoes-2018\/discussoes\/\" rel=\"tag\">Discuss\u00f5es<\/a><\/div><\/div>\n<\/div>\n\n<\/li><li class=\"wp-block-post post-658 post type-post status-publish format-standard has-post-thumbnail hentry category-5 category-historia-e-sociedade\">\n\n<div class=\"wp-block-columns are-vertically-aligned-center eplus-wrapper is-layout-flex wp-container-core-columns-is-layout-28f84493 wp-block-columns-is-layout-flex\">\n<div class=\"wp-block-column is-vertically-aligned-center eplus-wrapper is-layout-flow wp-block-column-is-layout-flow\" style=\"flex-basis:66.66%\"><figure class=\"wp-block-post-featured-image wp-duotone-0c003a-rgb2502290-29\"><a href=\"https:\/\/www.blogs.unicamp.br\/cienciaepolitica\/2021\/07\/13\/centrao-ou-arenao\/\" target=\"_self\"  ><img loading=\"lazy\" decoding=\"async\" width=\"2560\" height=\"1707\" src=\"https:\/\/www.blogs.unicamp.br\/cienciaepolitica\/wp-content\/uploads\/sites\/290\/2021\/07\/pexels-becerra-govea-photo-5784832-scaled-1.jpg\" class=\"attachment-post-thumbnail size-post-thumbnail wp-post-image\" alt=\"Centr\u00e3o ou aren\u00e3o?\" style=\"object-fit:cover;\" srcset=\"https:\/\/www.blogs.unicamp.br\/cienciaepolitica\/wp-content\/uploads\/sites\/290\/2021\/07\/pexels-becerra-govea-photo-5784832-scaled-1.jpg 2560w, https:\/\/www.blogs.unicamp.br\/cienciaepolitica\/wp-content\/uploads\/sites\/290\/2021\/07\/pexels-becerra-govea-photo-5784832-scaled-1-300x200.jpg 300w, https:\/\/www.blogs.unicamp.br\/cienciaepolitica\/wp-content\/uploads\/sites\/290\/2021\/07\/pexels-becerra-govea-photo-5784832-scaled-1-1024x683.jpg 1024w, https:\/\/www.blogs.unicamp.br\/cienciaepolitica\/wp-content\/uploads\/sites\/290\/2021\/07\/pexels-becerra-govea-photo-5784832-scaled-1-768x512.jpg 768w, https:\/\/www.blogs.unicamp.br\/cienciaepolitica\/wp-content\/uploads\/sites\/290\/2021\/07\/pexels-becerra-govea-photo-5784832-scaled-1-1536x1024.jpg 1536w, https:\/\/www.blogs.unicamp.br\/cienciaepolitica\/wp-content\/uploads\/sites\/290\/2021\/07\/pexels-becerra-govea-photo-5784832-scaled-1-2048x1366.jpg 2048w, https:\/\/www.blogs.unicamp.br\/cienciaepolitica\/wp-content\/uploads\/sites\/290\/2021\/07\/pexels-becerra-govea-photo-5784832-scaled-1-500x333.jpg 500w, https:\/\/www.blogs.unicamp.br\/cienciaepolitica\/wp-content\/uploads\/sites\/290\/2021\/07\/pexels-becerra-govea-photo-5784832-scaled-1-800x533.jpg 800w, https:\/\/www.blogs.unicamp.br\/cienciaepolitica\/wp-content\/uploads\/sites\/290\/2021\/07\/pexels-becerra-govea-photo-5784832-scaled-1-1280x854.jpg 1280w, https:\/\/www.blogs.unicamp.br\/cienciaepolitica\/wp-content\/uploads\/sites\/290\/2021\/07\/pexels-becerra-govea-photo-5784832-scaled-1-1920x1280.jpg 1920w, https:\/\/www.blogs.unicamp.br\/cienciaepolitica\/wp-content\/uploads\/sites\/290\/2021\/07\/pexels-becerra-govea-photo-5784832-scaled-1-272x182.jpg 272w\" sizes=\"(max-width: 2560px) 100vw, 2560px\" \/><\/a><\/figure><\/div>\n\n\n\n<div class=\"wp-block-column is-vertically-aligned-center eplus-wrapper is-layout-flow wp-block-column-is-layout-flow\" style=\"flex-basis:33.33%\"><h4 style=\"font-style:normal;font-weight:700; margin-top:20px;margin-right:20px;margin-bottom:20px;margin-left:20px;\" class=\"has-link-color wp-elements-0d5534d15408dced2f1a521f7b4a9bbe wp-block-post-title has-text-color has-secondary-color\"><a href=\"https:\/\/www.blogs.unicamp.br\/cienciaepolitica\/2021\/07\/13\/centrao-ou-arenao\/\" target=\"_self\" >Centr\u00e3o ou aren\u00e3o?<\/a><\/h4>\n\n<div style=\"font-style:normal;font-weight:700\" class=\"taxonomy-category has-text-align-center has-link-color wp-elements-f174ecd900ab612ceaa360815bc9e731 wp-block-post-terms has-text-color has-foreground-color has-background has-secondary-background-color\"><a href=\"https:\/\/www.blogs.unicamp.br\/cienciaepolitica\/category\/2022\/\" rel=\"tag\">2022<\/a><span class=\"wp-block-post-terms__separator\">, <\/span><a href=\"https:\/\/www.blogs.unicamp.br\/cienciaepolitica\/category\/2022\/historia-e-sociedade\/\" rel=\"tag\">Hist\u00f3ria e Sociedade<\/a><\/div><\/div>\n<\/div>\n\n<\/li><li class=\"wp-block-post post-608 post type-post status-publish format-standard has-post-thumbnail hentry category-5 category-historia-e-sociedade\">\n\n<div class=\"wp-block-columns are-vertically-aligned-center eplus-wrapper is-layout-flex wp-container-core-columns-is-layout-28f84493 wp-block-columns-is-layout-flex\">\n<div class=\"wp-block-column is-vertically-aligned-center eplus-wrapper is-layout-flow wp-block-column-is-layout-flow\" style=\"flex-basis:66.66%\"><figure class=\"wp-block-post-featured-image wp-duotone-0c003a-rgb2502290-30\"><a href=\"https:\/\/www.blogs.unicamp.br\/cienciaepolitica\/2021\/03\/15\/o-valor-da-constituicao\/\" target=\"_self\"  ><img loading=\"lazy\" decoding=\"async\" width=\"1280\" height=\"720\" src=\"https:\/\/www.blogs.unicamp.br\/cienciaepolitica\/wp-content\/uploads\/sites\/290\/2022\/05\/const_bozo_foto.jpg\" class=\"attachment-post-thumbnail size-post-thumbnail wp-post-image\" alt=\"O valor da Constitui\u00e7\u00e3o\" style=\"object-fit:cover;\" srcset=\"https:\/\/www.blogs.unicamp.br\/cienciaepolitica\/wp-content\/uploads\/sites\/290\/2022\/05\/const_bozo_foto.jpg 1280w, https:\/\/www.blogs.unicamp.br\/cienciaepolitica\/wp-content\/uploads\/sites\/290\/2022\/05\/const_bozo_foto-300x169.jpg 300w, https:\/\/www.blogs.unicamp.br\/cienciaepolitica\/wp-content\/uploads\/sites\/290\/2022\/05\/const_bozo_foto-1024x576.jpg 1024w, https:\/\/www.blogs.unicamp.br\/cienciaepolitica\/wp-content\/uploads\/sites\/290\/2022\/05\/const_bozo_foto-768x432.jpg 768w, https:\/\/www.blogs.unicamp.br\/cienciaepolitica\/wp-content\/uploads\/sites\/290\/2022\/05\/const_bozo_foto-500x281.jpg 500w, https:\/\/www.blogs.unicamp.br\/cienciaepolitica\/wp-content\/uploads\/sites\/290\/2022\/05\/const_bozo_foto-800x450.jpg 800w\" sizes=\"(max-width: 1280px) 100vw, 1280px\" \/><\/a><\/figure><\/div>\n\n\n\n<div class=\"wp-block-column is-vertically-aligned-center eplus-wrapper is-layout-flow wp-block-column-is-layout-flow\" style=\"flex-basis:33.33%\"><h4 style=\"font-style:normal;font-weight:700; margin-top:20px;margin-right:20px;margin-bottom:20px;margin-left:20px;\" class=\"has-link-color wp-elements-0d5534d15408dced2f1a521f7b4a9bbe wp-block-post-title has-text-color has-secondary-color\"><a href=\"https:\/\/www.blogs.unicamp.br\/cienciaepolitica\/2021\/03\/15\/o-valor-da-constituicao\/\" target=\"_self\" >O valor da Constitui\u00e7\u00e3o<\/a><\/h4>\n\n<div style=\"font-style:normal;font-weight:700\" class=\"taxonomy-category has-text-align-center has-link-color wp-elements-f174ecd900ab612ceaa360815bc9e731 wp-block-post-terms has-text-color has-foreground-color has-background has-secondary-background-color\"><a href=\"https:\/\/www.blogs.unicamp.br\/cienciaepolitica\/category\/2022\/\" rel=\"tag\">2022<\/a><span class=\"wp-block-post-terms__separator\">, <\/span><a href=\"https:\/\/www.blogs.unicamp.br\/cienciaepolitica\/category\/2022\/historia-e-sociedade\/\" rel=\"tag\">Hist\u00f3ria e Sociedade<\/a><\/div><\/div>\n<\/div>\n\n<\/li><li class=\"wp-block-post post-293 post type-post status-publish format-standard has-post-thumbnail hentry category-5 category-meio-ambiente\">\n\n<div class=\"wp-block-columns are-vertically-aligned-center eplus-wrapper is-layout-flex wp-container-core-columns-is-layout-28f84493 wp-block-columns-is-layout-flex\">\n<div class=\"wp-block-column is-vertically-aligned-center eplus-wrapper is-layout-flow wp-block-column-is-layout-flow\" style=\"flex-basis:66.66%\"><figure class=\"wp-block-post-featured-image wp-duotone-0c003a-rgb2502290-31\"><a href=\"https:\/\/www.blogs.unicamp.br\/cienciaepolitica\/2021\/03\/07\/sobre-o-que-o-brasileiro-pensa-sobre-mudancas-do-clima-2\/\" target=\"_self\"  ><img loading=\"lazy\" decoding=\"async\" width=\"2560\" height=\"1155\" src=\"https:\/\/www.blogs.unicamp.br\/cienciaepolitica\/wp-content\/uploads\/sites\/290\/2021\/03\/pexels-arnav-kainthola-6352761-scaled-1.jpg\" class=\"attachment-post-thumbnail size-post-thumbnail wp-post-image\" alt=\"Sobre o que o Brasileiro pensa sobre mudan\u00e7as do clima 2\" style=\"object-fit:cover;\" srcset=\"https:\/\/www.blogs.unicamp.br\/cienciaepolitica\/wp-content\/uploads\/sites\/290\/2021\/03\/pexels-arnav-kainthola-6352761-scaled-1.jpg 2560w, https:\/\/www.blogs.unicamp.br\/cienciaepolitica\/wp-content\/uploads\/sites\/290\/2021\/03\/pexels-arnav-kainthola-6352761-scaled-1-300x135.jpg 300w, https:\/\/www.blogs.unicamp.br\/cienciaepolitica\/wp-content\/uploads\/sites\/290\/2021\/03\/pexels-arnav-kainthola-6352761-scaled-1-1024x462.jpg 1024w, https:\/\/www.blogs.unicamp.br\/cienciaepolitica\/wp-content\/uploads\/sites\/290\/2021\/03\/pexels-arnav-kainthola-6352761-scaled-1-768x347.jpg 768w, https:\/\/www.blogs.unicamp.br\/cienciaepolitica\/wp-content\/uploads\/sites\/290\/2021\/03\/pexels-arnav-kainthola-6352761-scaled-1-1536x693.jpg 1536w, https:\/\/www.blogs.unicamp.br\/cienciaepolitica\/wp-content\/uploads\/sites\/290\/2021\/03\/pexels-arnav-kainthola-6352761-scaled-1-2048x924.jpg 2048w, https:\/\/www.blogs.unicamp.br\/cienciaepolitica\/wp-content\/uploads\/sites\/290\/2021\/03\/pexels-arnav-kainthola-6352761-scaled-1-500x226.jpg 500w, https:\/\/www.blogs.unicamp.br\/cienciaepolitica\/wp-content\/uploads\/sites\/290\/2021\/03\/pexels-arnav-kainthola-6352761-scaled-1-800x361.jpg 800w, https:\/\/www.blogs.unicamp.br\/cienciaepolitica\/wp-content\/uploads\/sites\/290\/2021\/03\/pexels-arnav-kainthola-6352761-scaled-1-1280x578.jpg 1280w, https:\/\/www.blogs.unicamp.br\/cienciaepolitica\/wp-content\/uploads\/sites\/290\/2021\/03\/pexels-arnav-kainthola-6352761-scaled-1-1920x866.jpg 1920w\" sizes=\"(max-width: 2560px) 100vw, 2560px\" \/><\/a><\/figure><\/div>\n\n\n\n<div class=\"wp-block-column is-vertically-aligned-center eplus-wrapper is-layout-flow wp-block-column-is-layout-flow\" style=\"flex-basis:33.33%\"><h4 style=\"font-style:normal;font-weight:700; margin-top:20px;margin-right:20px;margin-bottom:20px;margin-left:20px;\" class=\"has-link-color wp-elements-0d5534d15408dced2f1a521f7b4a9bbe wp-block-post-title has-text-color has-secondary-color\"><a href=\"https:\/\/www.blogs.unicamp.br\/cienciaepolitica\/2021\/03\/07\/sobre-o-que-o-brasileiro-pensa-sobre-mudancas-do-clima-2\/\" target=\"_self\" >Sobre o que o Brasileiro pensa sobre mudan\u00e7as do clima 2<\/a><\/h4>\n\n<div style=\"font-style:normal;font-weight:700\" class=\"taxonomy-category has-text-align-center has-link-color wp-elements-f174ecd900ab612ceaa360815bc9e731 wp-block-post-terms has-text-color has-foreground-color has-background has-secondary-background-color\"><a href=\"https:\/\/www.blogs.unicamp.br\/cienciaepolitica\/category\/2022\/\" rel=\"tag\">2022<\/a><span class=\"wp-block-post-terms__separator\">, <\/span><a href=\"https:\/\/www.blogs.unicamp.br\/cienciaepolitica\/category\/2022\/meio-ambiente\/\" rel=\"tag\">Meio Ambiente<\/a><\/div><\/div>\n<\/div>\n\n<\/li><li class=\"wp-block-post post-294 post type-post status-publish format-standard has-post-thumbnail hentry category-5 category-discussoes category-meio-ambiente\">\n\n<div class=\"wp-block-columns are-vertically-aligned-center eplus-wrapper is-layout-flex wp-container-core-columns-is-layout-28f84493 wp-block-columns-is-layout-flex\">\n<div class=\"wp-block-column is-vertically-aligned-center eplus-wrapper is-layout-flow wp-block-column-is-layout-flow\" style=\"flex-basis:66.66%\"><figure class=\"wp-block-post-featured-image wp-duotone-0c003a-rgb2502290-32\"><a href=\"https:\/\/www.blogs.unicamp.br\/cienciaepolitica\/2021\/03\/04\/sobre-o-que-o-brasileiro-pensa-sobre-mudancas-do-clima\/\" target=\"_self\"  ><img loading=\"lazy\" decoding=\"async\" width=\"1747\" height=\"1240\" src=\"https:\/\/www.blogs.unicamp.br\/cienciaepolitica\/wp-content\/uploads\/sites\/290\/2022\/05\/post-pesquisa.png\" class=\"attachment-post-thumbnail size-post-thumbnail wp-post-image\" alt=\"Sobre o que o Brasileiro pensa sobre mudan\u00e7as do clima\" style=\"object-fit:cover;\" srcset=\"https:\/\/www.blogs.unicamp.br\/cienciaepolitica\/wp-content\/uploads\/sites\/290\/2022\/05\/post-pesquisa.png 1747w, https:\/\/www.blogs.unicamp.br\/cienciaepolitica\/wp-content\/uploads\/sites\/290\/2022\/05\/post-pesquisa-300x213.png 300w, https:\/\/www.blogs.unicamp.br\/cienciaepolitica\/wp-content\/uploads\/sites\/290\/2022\/05\/post-pesquisa-1024x727.png 1024w, https:\/\/www.blogs.unicamp.br\/cienciaepolitica\/wp-content\/uploads\/sites\/290\/2022\/05\/post-pesquisa-768x545.png 768w, https:\/\/www.blogs.unicamp.br\/cienciaepolitica\/wp-content\/uploads\/sites\/290\/2022\/05\/post-pesquisa-1536x1090.png 1536w, https:\/\/www.blogs.unicamp.br\/cienciaepolitica\/wp-content\/uploads\/sites\/290\/2022\/05\/post-pesquisa-500x355.png 500w, https:\/\/www.blogs.unicamp.br\/cienciaepolitica\/wp-content\/uploads\/sites\/290\/2022\/05\/post-pesquisa-800x568.png 800w, https:\/\/www.blogs.unicamp.br\/cienciaepolitica\/wp-content\/uploads\/sites\/290\/2022\/05\/post-pesquisa-1280x909.png 1280w\" sizes=\"(max-width: 1747px) 100vw, 1747px\" \/><\/a><\/figure><\/div>\n\n\n\n<div class=\"wp-block-column is-vertically-aligned-center eplus-wrapper is-layout-flow wp-block-column-is-layout-flow\" style=\"flex-basis:33.33%\"><h4 style=\"font-style:normal;font-weight:700; margin-top:20px;margin-right:20px;margin-bottom:20px;margin-left:20px;\" class=\"has-link-color wp-elements-0d5534d15408dced2f1a521f7b4a9bbe wp-block-post-title has-text-color has-secondary-color\"><a href=\"https:\/\/www.blogs.unicamp.br\/cienciaepolitica\/2021\/03\/04\/sobre-o-que-o-brasileiro-pensa-sobre-mudancas-do-clima\/\" target=\"_self\" >Sobre o que o Brasileiro pensa sobre mudan\u00e7as do clima<\/a><\/h4>\n\n<div style=\"font-style:normal;font-weight:700\" class=\"taxonomy-category has-text-align-center has-link-color wp-elements-f174ecd900ab612ceaa360815bc9e731 wp-block-post-terms has-text-color has-foreground-color has-background has-secondary-background-color\"><a href=\"https:\/\/www.blogs.unicamp.br\/cienciaepolitica\/category\/2022\/\" rel=\"tag\">2022<\/a><span class=\"wp-block-post-terms__separator\">, <\/span><a href=\"https:\/\/www.blogs.unicamp.br\/cienciaepolitica\/category\/eleicoes-2018\/discussoes\/\" rel=\"tag\">Discuss\u00f5es<\/a><span class=\"wp-block-post-terms__separator\">, <\/span><a href=\"https:\/\/www.blogs.unicamp.br\/cienciaepolitica\/category\/2022\/meio-ambiente\/\" rel=\"tag\">Meio Ambiente<\/a><\/div><\/div>\n<\/div>\n\n<\/li><li class=\"wp-block-post post-296 post type-post status-publish format-standard has-post-thumbnail hentry category-5 tag-bolsa-de-valores tag-bolsonaro tag-economia-brasileira tag-luta-de-classes tag-mercado-financeiro tag-petrobras tag-politica-de-precos-da-petrobras\">\n\n<div class=\"wp-block-columns are-vertically-aligned-center eplus-wrapper is-layout-flex wp-container-core-columns-is-layout-28f84493 wp-block-columns-is-layout-flex\">\n<div class=\"wp-block-column is-vertically-aligned-center eplus-wrapper is-layout-flow wp-block-column-is-layout-flow\" style=\"flex-basis:66.66%\"><figure class=\"wp-block-post-featured-image wp-duotone-0c003a-rgb2502290-33\"><a href=\"https:\/\/www.blogs.unicamp.br\/cienciaepolitica\/2021\/02\/26\/bolsonaro-a-petrobras-e-a-luta-de-classes\/\" target=\"_self\"  ><img loading=\"lazy\" decoding=\"async\" width=\"693\" height=\"359\" src=\"https:\/\/www.blogs.unicamp.br\/cienciaepolitica\/wp-content\/uploads\/sites\/290\/2022\/05\/bolsochavez.png\" class=\"attachment-post-thumbnail size-post-thumbnail wp-post-image\" alt=\"Bolsonaro, a Petrobras e a luta de classes\" style=\"object-fit:cover;\" srcset=\"https:\/\/www.blogs.unicamp.br\/cienciaepolitica\/wp-content\/uploads\/sites\/290\/2022\/05\/bolsochavez.png 693w, https:\/\/www.blogs.unicamp.br\/cienciaepolitica\/wp-content\/uploads\/sites\/290\/2022\/05\/bolsochavez-300x155.png 300w, https:\/\/www.blogs.unicamp.br\/cienciaepolitica\/wp-content\/uploads\/sites\/290\/2022\/05\/bolsochavez-500x259.png 500w\" sizes=\"(max-width: 693px) 100vw, 693px\" \/><\/a><\/figure><\/div>\n\n\n\n<div class=\"wp-block-column is-vertically-aligned-center eplus-wrapper is-layout-flow wp-block-column-is-layout-flow\" style=\"flex-basis:33.33%\"><h4 style=\"font-style:normal;font-weight:700; margin-top:20px;margin-right:20px;margin-bottom:20px;margin-left:20px;\" class=\"has-link-color wp-elements-0d5534d15408dced2f1a521f7b4a9bbe wp-block-post-title has-text-color has-secondary-color\"><a href=\"https:\/\/www.blogs.unicamp.br\/cienciaepolitica\/2021\/02\/26\/bolsonaro-a-petrobras-e-a-luta-de-classes\/\" target=\"_self\" >Bolsonaro, a Petrobras e a luta de classes<\/a><\/h4>\n\n<div style=\"font-style:normal;font-weight:700\" class=\"taxonomy-category has-text-align-center has-link-color wp-elements-f174ecd900ab612ceaa360815bc9e731 wp-block-post-terms has-text-color has-foreground-color has-background has-secondary-background-color\"><a href=\"https:\/\/www.blogs.unicamp.br\/cienciaepolitica\/category\/2022\/\" rel=\"tag\">2022<\/a><\/div><\/div>\n<\/div>\n\n<\/li><li class=\"wp-block-post post-610 post type-post status-publish format-standard has-post-thumbnail hentry category-5 category-historia-e-sociedade tag-7-de-setembro tag-ameaca-comunista tag-autoritarismo tag-bolsonaro tag-conservadorismo tag-democracia-racial tag-dia-da-independencia-do-brasil tag-discurso-do-presidente tag-economia tag-escravidao-no-brasil tag-executivo-federal tag-identidade-nacional tag-igualdade-social tag-indigenas tag-liberdade tag-segregacao-social tag-senhor-de-engenho\">\n\n<div class=\"wp-block-columns are-vertically-aligned-center eplus-wrapper is-layout-flex wp-container-core-columns-is-layout-28f84493 wp-block-columns-is-layout-flex\">\n<div class=\"wp-block-column is-vertically-aligned-center eplus-wrapper is-layout-flow wp-block-column-is-layout-flow\" style=\"flex-basis:66.66%\"><figure class=\"wp-block-post-featured-image wp-duotone-0c003a-rgb2502290-34\"><a href=\"https:\/\/www.blogs.unicamp.br\/cienciaepolitica\/2020\/09\/14\/o-7-de-setembro-de-jair-bolsonaro-defesa-historica-da-violencia-como-fundamento-da-ordem\/\" target=\"_self\"  ><img loading=\"lazy\" decoding=\"async\" width=\"1024\" height=\"768\" src=\"https:\/\/www.blogs.unicamp.br\/cienciaepolitica\/wp-content\/uploads\/sites\/290\/2022\/05\/fcpzzb_abr_07091922707.jpg\" class=\"attachment-post-thumbnail size-post-thumbnail wp-post-image\" alt=\"O 7 de setembro de Jair Bolsonaro: defesa hist\u00f3rica da viol\u00eancia como fundamento da ordem\" style=\"object-fit:cover;\" srcset=\"https:\/\/www.blogs.unicamp.br\/cienciaepolitica\/wp-content\/uploads\/sites\/290\/2022\/05\/fcpzzb_abr_07091922707.jpg 1024w, https:\/\/www.blogs.unicamp.br\/cienciaepolitica\/wp-content\/uploads\/sites\/290\/2022\/05\/fcpzzb_abr_07091922707-300x225.jpg 300w, https:\/\/www.blogs.unicamp.br\/cienciaepolitica\/wp-content\/uploads\/sites\/290\/2022\/05\/fcpzzb_abr_07091922707-768x576.jpg 768w, https:\/\/www.blogs.unicamp.br\/cienciaepolitica\/wp-content\/uploads\/sites\/290\/2022\/05\/fcpzzb_abr_07091922707-500x375.jpg 500w, https:\/\/www.blogs.unicamp.br\/cienciaepolitica\/wp-content\/uploads\/sites\/290\/2022\/05\/fcpzzb_abr_07091922707-800x600.jpg 800w\" sizes=\"(max-width: 1024px) 100vw, 1024px\" \/><\/a><\/figure><\/div>\n\n\n\n<div class=\"wp-block-column is-vertically-aligned-center eplus-wrapper is-layout-flow wp-block-column-is-layout-flow\" style=\"flex-basis:33.33%\"><h4 style=\"font-style:normal;font-weight:700; margin-top:20px;margin-right:20px;margin-bottom:20px;margin-left:20px;\" class=\"has-link-color wp-elements-0d5534d15408dced2f1a521f7b4a9bbe wp-block-post-title has-text-color has-secondary-color\"><a href=\"https:\/\/www.blogs.unicamp.br\/cienciaepolitica\/2020\/09\/14\/o-7-de-setembro-de-jair-bolsonaro-defesa-historica-da-violencia-como-fundamento-da-ordem\/\" target=\"_self\" >O 7 de setembro de Jair Bolsonaro: defesa hist\u00f3rica da viol\u00eancia como fundamento da ordem<\/a><\/h4>\n\n<div style=\"font-style:normal;font-weight:700\" class=\"taxonomy-category has-text-align-center has-link-color wp-elements-f174ecd900ab612ceaa360815bc9e731 wp-block-post-terms has-text-color has-foreground-color has-background has-secondary-background-color\"><a href=\"https:\/\/www.blogs.unicamp.br\/cienciaepolitica\/category\/2022\/\" rel=\"tag\">2022<\/a><span class=\"wp-block-post-terms__separator\">, <\/span><a href=\"https:\/\/www.blogs.unicamp.br\/cienciaepolitica\/category\/2022\/historia-e-sociedade\/\" rel=\"tag\">Hist\u00f3ria e Sociedade<\/a><\/div><\/div>\n<\/div>\n\n<\/li><li class=\"wp-block-post post-636 post type-post status-publish format-standard has-post-thumbnail hentry category-educacao category-politicas-publicas tag-balburdia tag-capes tag-ciencia tag-ciencia-brasileira tag-cnpq tag-corte-orcamentario tag-desmanche-da-ciencia tag-educacao-basica tag-educacao-superior tag-mctic tag-mec tag-mindflow tag-universidade-publica\">\n\n<div class=\"wp-block-columns are-vertically-aligned-center eplus-wrapper is-layout-flex wp-container-core-columns-is-layout-28f84493 wp-block-columns-is-layout-flex\">\n<div class=\"wp-block-column is-vertically-aligned-center eplus-wrapper is-layout-flow wp-block-column-is-layout-flow\" style=\"flex-basis:66.66%\"><figure class=\"wp-block-post-featured-image wp-duotone-0c003a-rgb2502290-35\"><a href=\"https:\/\/www.blogs.unicamp.br\/cienciaepolitica\/2019\/05\/09\/contradicoes-acima-de-tudo-cortes-acima-de-todos\/\" target=\"_self\"  ><img loading=\"lazy\" decoding=\"async\" width=\"810\" height=\"450\" src=\"https:\/\/www.blogs.unicamp.br\/cienciaepolitica\/wp-content\/uploads\/sites\/290\/2022\/05\/Blog1-3.png\" class=\"attachment-post-thumbnail size-post-thumbnail wp-post-image\" alt=\"Contradi\u00e7\u00f5es acima de tudo, cortes acima de todos.\" style=\"object-fit:cover;\" srcset=\"https:\/\/www.blogs.unicamp.br\/cienciaepolitica\/wp-content\/uploads\/sites\/290\/2022\/05\/Blog1-3.png 810w, https:\/\/www.blogs.unicamp.br\/cienciaepolitica\/wp-content\/uploads\/sites\/290\/2022\/05\/Blog1-3-300x167.png 300w, https:\/\/www.blogs.unicamp.br\/cienciaepolitica\/wp-content\/uploads\/sites\/290\/2022\/05\/Blog1-3-768x427.png 768w, https:\/\/www.blogs.unicamp.br\/cienciaepolitica\/wp-content\/uploads\/sites\/290\/2022\/05\/Blog1-3-500x278.png 500w, https:\/\/www.blogs.unicamp.br\/cienciaepolitica\/wp-content\/uploads\/sites\/290\/2022\/05\/Blog1-3-800x444.png 800w\" sizes=\"(max-width: 810px) 100vw, 810px\" \/><\/a><\/figure><\/div>\n\n\n\n<div class=\"wp-block-column is-vertically-aligned-center eplus-wrapper is-layout-flow wp-block-column-is-layout-flow\" style=\"flex-basis:33.33%\"><h4 style=\"font-style:normal;font-weight:700; margin-top:20px;margin-right:20px;margin-bottom:20px;margin-left:20px;\" class=\"has-link-color wp-elements-0d5534d15408dced2f1a521f7b4a9bbe wp-block-post-title has-text-color has-secondary-color\"><a href=\"https:\/\/www.blogs.unicamp.br\/cienciaepolitica\/2019\/05\/09\/contradicoes-acima-de-tudo-cortes-acima-de-todos\/\" target=\"_self\" >Contradi\u00e7\u00f5es acima de tudo, cortes acima de todos.<\/a><\/h4>\n\n<div style=\"font-style:normal;font-weight:700\" class=\"taxonomy-category has-text-align-center has-link-color wp-elements-f174ecd900ab612ceaa360815bc9e731 wp-block-post-terms has-text-color has-foreground-color has-background has-secondary-background-color\"><a href=\"https:\/\/www.blogs.unicamp.br\/cienciaepolitica\/category\/2022\/educacao\/\" rel=\"tag\">Educa\u00e7\u00e3o<\/a><span class=\"wp-block-post-terms__separator\">, <\/span><a href=\"https:\/\/www.blogs.unicamp.br\/cienciaepolitica\/category\/2022\/politicas-publicas\/\" rel=\"tag\">Pol\u00edticas P\u00fablicas<\/a><\/div><\/div>\n<\/div>\n\n<\/li><\/ul><\/div>\n\n\n\n<div class=\"wp-block-buttons eplus-wrapper is-content-justification-center is-layout-flex wp-container-core-buttons-is-layout-a89b3969 wp-block-buttons-is-layout-flex\">\n<div class=\"wp-block-button is-style-fill eplus-wrapper\"><a class=\"wp-block-button__link has-black-color has-text-color has-background\" href=\"https:\/\/www.blogs.unicamp.br\/cienciaepolitica\/category\/2022\/\" style=\"background-color:#eeee22\">ver tudo<\/a><\/div>\n<\/div>\n\n\n\n<div style=\"height:100px\" aria-hidden=\"true\" class=\"wp-block-spacer eplus-wrapper\"><\/div>\n\n\n\n<hr class=\"wp-block-separator has-css-opacity eplus-wrapper\" \/>\n\n\n\n<div style=\"height:100px\" aria-hidden=\"true\" class=\"wp-block-spacer eplus-wrapper\"><\/div>\n\n\n\n<p class=\"eplus-wrapper\"><strong>Os argumentos expressos nos posts deste especial s\u00e3o dos pesquisadores. Dessa forma, produziu-se<\/strong>&nbsp;<strong>textos produzidos a partir de campos de pesquisa cient\u00edfica e atua\u00e7\u00e3o profissional dos pesquisadores<\/strong>.&nbsp;<strong>Al\u00e9m disso, a revis\u00e3o por pares aconteceu por pesquisadores da mesma \u00e1rea t\u00e9cnica-cient\u00edfica da Unicamp. Assim, n\u00e3o necessariamente representam a vis\u00e3o da Unicamp.<\/strong><\/p>\n","protected":false},"excerpt":{"rendered":"<p>Os argumentos expressos nos posts deste especial s\u00e3o dos pesquisadores. Dessa forma, produziu-se&nbsp;textos produzidos a partir de campos de pesquisa cient\u00edfica e atua\u00e7\u00e3o profissional dos pesquisadores.&nbsp;Al\u00e9m disso, a revis\u00e3o por pares aconteceu por pesquisadores da mesma \u00e1rea t\u00e9cnica-cient\u00edfica da Unicamp. Assim, n\u00e3o necessariamente representam a vis\u00e3o da Unicamp.<\/p>\n","protected":false},"author":125,"featured_media":18,"parent":0,"menu_order":0,"comment_status":"closed","ping_status":"open","template":"","meta":{"_monsterinsights_skip_tracking":false,"_monsterinsights_sitenote_active":false,"_monsterinsights_sitenote_note":"","_monsterinsights_sitenote_category":0,"pgc_sgb_lightbox_settings":"","_vp_format_video_url":"","_vp_image_focal_point":[],"footnotes":""},"class_list":["post-1042","page","type-page","status-publish","has-post-thumbnail","hentry"],"yoast_head":"<!-- This site is optimized with the Yoast SEO plugin v27.4 - https:\/\/yoast.com\/product\/yoast-seo-wordpress\/ -->\n<title>- Especial Pol\u00edtica<\/title>\n<meta name=\"robots\" content=\"index, follow, max-snippet:-1, max-image-preview:large, max-video-preview:-1\" \/>\n<link rel=\"canonical\" href=\"https:\/\/www.blogs.unicamp.br\/cienciaepolitica\/pagina-exemplo\/\" \/>\n<meta property=\"og:locale\" content=\"pt_BR\" \/>\n<meta property=\"og:type\" content=\"article\" \/>\n<meta property=\"og:title\" content=\"- Especial Pol\u00edtica\" \/>\n<meta property=\"og:description\" content=\"Os argumentos expressos nos posts deste especial s\u00e3o dos pesquisadores. Dessa forma, produziu-se&nbsp;textos produzidos a partir de campos de pesquisa cient\u00edfica e atua\u00e7\u00e3o profissional dos pesquisadores.&nbsp;Al\u00e9m disso, a revis\u00e3o por pares aconteceu por pesquisadores da mesma \u00e1rea t\u00e9cnica-cient\u00edfica da Unicamp. Assim, n\u00e3o necessariamente representam a vis\u00e3o da Unicamp.\" \/>\n<meta property=\"og:url\" content=\"https:\/\/www.blogs.unicamp.br\/cienciaepolitica\/pagina-exemplo\/\" \/>\n<meta property=\"og:site_name\" content=\"Especial Pol\u00edtica\" \/>\n<meta property=\"article:publisher\" content=\"https:\/\/facebook.com\/blogsunicamp\" \/>\n<meta property=\"og:image\" content=\"https:\/\/www.blogs.unicamp.br\/cienciaepolitica\/wp-content\/uploads\/sites\/290\/2022\/04\/Prancheta-2.png\" \/>\n\t<meta property=\"og:image:width\" content=\"1053\" \/>\n\t<meta property=\"og:image:height\" content=\"512\" \/>\n\t<meta property=\"og:image:type\" content=\"image\/png\" \/>\n<meta name=\"twitter:card\" content=\"summary_large_image\" \/>\n<meta name=\"twitter:site\" content=\"@blogsunicamp\" \/>\n<meta name=\"twitter:label1\" content=\"Est. tempo de leitura\" \/>\n\t<meta name=\"twitter:data1\" content=\"1 minuto\" \/>\n<script type=\"application\/ld+json\" class=\"yoast-schema-graph\">{\"@context\":\"https:\\\/\\\/schema.org\",\"@graph\":[{\"@type\":\"WebPage\",\"@id\":\"https:\\\/\\\/www.blogs.unicamp.br\\\/cienciaepolitica\\\/pagina-exemplo\\\/\",\"url\":\"https:\\\/\\\/www.blogs.unicamp.br\\\/cienciaepolitica\\\/pagina-exemplo\\\/\",\"name\":\"- Especial Pol\u00edtica\",\"isPartOf\":{\"@id\":\"https:\\\/\\\/www.blogs.unicamp.br\\\/cienciaepolitica\\\/#website\"},\"primaryImageOfPage\":{\"@id\":\"https:\\\/\\\/www.blogs.unicamp.br\\\/cienciaepolitica\\\/pagina-exemplo\\\/#primaryimage\"},\"image\":{\"@id\":\"https:\\\/\\\/www.blogs.unicamp.br\\\/cienciaepolitica\\\/pagina-exemplo\\\/#primaryimage\"},\"thumbnailUrl\":\"https:\\\/\\\/www.blogs.unicamp.br\\\/cienciaepolitica\\\/wp-content\\\/uploads\\\/sites\\\/290\\\/2022\\\/04\\\/Prancheta-2.png\",\"datePublished\":\"2022-04-26T20:23:30+00:00\",\"inLanguage\":\"pt-BR\",\"potentialAction\":[{\"@type\":\"ReadAction\",\"target\":[\"https:\\\/\\\/www.blogs.unicamp.br\\\/cienciaepolitica\\\/pagina-exemplo\\\/\"]}]},{\"@type\":\"ImageObject\",\"inLanguage\":\"pt-BR\",\"@id\":\"https:\\\/\\\/www.blogs.unicamp.br\\\/cienciaepolitica\\\/pagina-exemplo\\\/#primaryimage\",\"url\":\"https:\\\/\\\/www.blogs.unicamp.br\\\/cienciaepolitica\\\/wp-content\\\/uploads\\\/sites\\\/290\\\/2022\\\/04\\\/Prancheta-2.png\",\"contentUrl\":\"https:\\\/\\\/www.blogs.unicamp.br\\\/cienciaepolitica\\\/wp-content\\\/uploads\\\/sites\\\/290\\\/2022\\\/04\\\/Prancheta-2.png\",\"width\":1053,\"height\":512},{\"@type\":\"WebSite\",\"@id\":\"https:\\\/\\\/www.blogs.unicamp.br\\\/cienciaepolitica\\\/#website\",\"url\":\"https:\\\/\\\/www.blogs.unicamp.br\\\/cienciaepolitica\\\/\",\"name\":\"Especial Pol\u00edtica\",\"description\":\"do Blogs Unicamp\",\"publisher\":{\"@id\":\"https:\\\/\\\/www.blogs.unicamp.br\\\/cienciaepolitica\\\/#organization\"},\"potentialAction\":[{\"@type\":\"SearchAction\",\"target\":{\"@type\":\"EntryPoint\",\"urlTemplate\":\"https:\\\/\\\/www.blogs.unicamp.br\\\/cienciaepolitica\\\/?s={search_term_string}\"},\"query-input\":{\"@type\":\"PropertyValueSpecification\",\"valueRequired\":true,\"valueName\":\"search_term_string\"}}],\"inLanguage\":\"pt-BR\"},{\"@type\":\"Organization\",\"@id\":\"https:\\\/\\\/www.blogs.unicamp.br\\\/cienciaepolitica\\\/#organization\",\"name\":\"Blogs de Ci\u00eancia da Unicamp\",\"url\":\"https:\\\/\\\/www.blogs.unicamp.br\\\/cienciaepolitica\\\/\",\"logo\":{\"@type\":\"ImageObject\",\"inLanguage\":\"pt-BR\",\"@id\":\"https:\\\/\\\/www.blogs.unicamp.br\\\/cienciaepolitica\\\/#\\\/schema\\\/logo\\\/image\\\/\",\"url\":\"https:\\\/\\\/www.blogs.unicamp.br\\\/cienciaepolitica\\\/wp-content\\\/uploads\\\/sites\\\/290\\\/2022\\\/04\\\/CAPA-8.png\",\"contentUrl\":\"https:\\\/\\\/www.blogs.unicamp.br\\\/cienciaepolitica\\\/wp-content\\\/uploads\\\/sites\\\/290\\\/2022\\\/04\\\/CAPA-8.png\",\"width\":1399,\"height\":601,\"caption\":\"Blogs de Ci\u00eancia da Unicamp\"},\"image\":{\"@id\":\"https:\\\/\\\/www.blogs.unicamp.br\\\/cienciaepolitica\\\/#\\\/schema\\\/logo\\\/image\\\/\"},\"sameAs\":[\"https:\\\/\\\/facebook.com\\\/blogsunicamp\",\"https:\\\/\\\/x.com\\\/blogsunicamp\",\"https:\\\/\\\/instagram.com\\\/blogsunicamp\"]}]}<\/script>\n<!-- \/ Yoast SEO plugin. -->","yoast_head_json":{"title":"- Especial Pol\u00edtica","robots":{"index":"index","follow":"follow","max-snippet":"max-snippet:-1","max-image-preview":"max-image-preview:large","max-video-preview":"max-video-preview:-1"},"canonical":"https:\/\/www.blogs.unicamp.br\/cienciaepolitica\/pagina-exemplo\/","og_locale":"pt_BR","og_type":"article","og_title":"- Especial Pol\u00edtica","og_description":"Os argumentos expressos nos posts deste especial s\u00e3o dos pesquisadores. Dessa forma, produziu-se&nbsp;textos produzidos a partir de campos de pesquisa cient\u00edfica e atua\u00e7\u00e3o profissional dos pesquisadores.&nbsp;Al\u00e9m disso, a revis\u00e3o por pares aconteceu por pesquisadores da mesma \u00e1rea t\u00e9cnica-cient\u00edfica da Unicamp. Assim, n\u00e3o necessariamente representam a vis\u00e3o da Unicamp.","og_url":"https:\/\/www.blogs.unicamp.br\/cienciaepolitica\/pagina-exemplo\/","og_site_name":"Especial Pol\u00edtica","article_publisher":"https:\/\/facebook.com\/blogsunicamp","og_image":[{"width":1053,"height":512,"url":"https:\/\/www.blogs.unicamp.br\/cienciaepolitica\/wp-content\/uploads\/sites\/290\/2022\/04\/Prancheta-2.png","type":"image\/png"}],"twitter_card":"summary_large_image","twitter_site":"@blogsunicamp","twitter_misc":{"Est. tempo de leitura":"1 minuto"},"schema":{"@context":"https:\/\/schema.org","@graph":[{"@type":"WebPage","@id":"https:\/\/www.blogs.unicamp.br\/cienciaepolitica\/pagina-exemplo\/","url":"https:\/\/www.blogs.unicamp.br\/cienciaepolitica\/pagina-exemplo\/","name":"- Especial Pol\u00edtica","isPartOf":{"@id":"https:\/\/www.blogs.unicamp.br\/cienciaepolitica\/#website"},"primaryImageOfPage":{"@id":"https:\/\/www.blogs.unicamp.br\/cienciaepolitica\/pagina-exemplo\/#primaryimage"},"image":{"@id":"https:\/\/www.blogs.unicamp.br\/cienciaepolitica\/pagina-exemplo\/#primaryimage"},"thumbnailUrl":"https:\/\/www.blogs.unicamp.br\/cienciaepolitica\/wp-content\/uploads\/sites\/290\/2022\/04\/Prancheta-2.png","datePublished":"2022-04-26T20:23:30+00:00","inLanguage":"pt-BR","potentialAction":[{"@type":"ReadAction","target":["https:\/\/www.blogs.unicamp.br\/cienciaepolitica\/pagina-exemplo\/"]}]},{"@type":"ImageObject","inLanguage":"pt-BR","@id":"https:\/\/www.blogs.unicamp.br\/cienciaepolitica\/pagina-exemplo\/#primaryimage","url":"https:\/\/www.blogs.unicamp.br\/cienciaepolitica\/wp-content\/uploads\/sites\/290\/2022\/04\/Prancheta-2.png","contentUrl":"https:\/\/www.blogs.unicamp.br\/cienciaepolitica\/wp-content\/uploads\/sites\/290\/2022\/04\/Prancheta-2.png","width":1053,"height":512},{"@type":"WebSite","@id":"https:\/\/www.blogs.unicamp.br\/cienciaepolitica\/#website","url":"https:\/\/www.blogs.unicamp.br\/cienciaepolitica\/","name":"Especial Pol\u00edtica","description":"do Blogs Unicamp","publisher":{"@id":"https:\/\/www.blogs.unicamp.br\/cienciaepolitica\/#organization"},"potentialAction":[{"@type":"SearchAction","target":{"@type":"EntryPoint","urlTemplate":"https:\/\/www.blogs.unicamp.br\/cienciaepolitica\/?s={search_term_string}"},"query-input":{"@type":"PropertyValueSpecification","valueRequired":true,"valueName":"search_term_string"}}],"inLanguage":"pt-BR"},{"@type":"Organization","@id":"https:\/\/www.blogs.unicamp.br\/cienciaepolitica\/#organization","name":"Blogs de Ci\u00eancia da Unicamp","url":"https:\/\/www.blogs.unicamp.br\/cienciaepolitica\/","logo":{"@type":"ImageObject","inLanguage":"pt-BR","@id":"https:\/\/www.blogs.unicamp.br\/cienciaepolitica\/#\/schema\/logo\/image\/","url":"https:\/\/www.blogs.unicamp.br\/cienciaepolitica\/wp-content\/uploads\/sites\/290\/2022\/04\/CAPA-8.png","contentUrl":"https:\/\/www.blogs.unicamp.br\/cienciaepolitica\/wp-content\/uploads\/sites\/290\/2022\/04\/CAPA-8.png","width":1399,"height":601,"caption":"Blogs de Ci\u00eancia da Unicamp"},"image":{"@id":"https:\/\/www.blogs.unicamp.br\/cienciaepolitica\/#\/schema\/logo\/image\/"},"sameAs":["https:\/\/facebook.com\/blogsunicamp","https:\/\/x.com\/blogsunicamp","https:\/\/instagram.com\/blogsunicamp"]}]}},"_links":{"self":[{"href":"https:\/\/www.blogs.unicamp.br\/cienciaepolitica\/wp-json\/wp\/v2\/pages\/1042","targetHints":{"allow":["GET"]}}],"collection":[{"href":"https:\/\/www.blogs.unicamp.br\/cienciaepolitica\/wp-json\/wp\/v2\/pages"}],"about":[{"href":"https:\/\/www.blogs.unicamp.br\/cienciaepolitica\/wp-json\/wp\/v2\/types\/page"}],"author":[{"embeddable":true,"href":"https:\/\/www.blogs.unicamp.br\/cienciaepolitica\/wp-json\/wp\/v2\/users\/125"}],"replies":[{"embeddable":true,"href":"https:\/\/www.blogs.unicamp.br\/cienciaepolitica\/wp-json\/wp\/v2\/comments?post=1042"}],"version-history":[{"count":0,"href":"https:\/\/www.blogs.unicamp.br\/cienciaepolitica\/wp-json\/wp\/v2\/pages\/1042\/revisions"}],"wp:featuredmedia":[{"embeddable":true,"href":"https:\/\/www.blogs.unicamp.br\/cienciaepolitica\/wp-json\/wp\/v2\/media\/18"}],"wp:attachment":[{"href":"https:\/\/www.blogs.unicamp.br\/cienciaepolitica\/wp-json\/wp\/v2\/media?parent=1042"}],"curies":[{"name":"wp","href":"https:\/\/api.w.org\/{rel}","templated":true}]}}