{"id":1913,"date":"2011-08-29T00:17:18","date_gmt":"2011-08-29T00:17:18","guid":{"rendered":"http:\/\/scienceblogs.com.br\/discutindoecologia\/?page_id=2"},"modified":"2011-08-29T00:17:18","modified_gmt":"2011-08-29T00:17:18","slug":"sobre","status":"publish","type":"page","link":"https:\/\/www.blogs.unicamp.br\/discutindoecologia\/sobre\/","title":{"rendered":"Sobre"},"content":{"rendered":"<p>O Discutindo Ecologia come\u00e7ou como um trabalho para uma disciplina do meu curso de Licenciatura em Ci\u00eancias Biol\u00f3gicas. Realmente, n\u00e3o foi um come\u00e7o por causa de um motivo nobre. Por\u00e9m, foi um come\u00e7o. Nesta fase, eu (Breno Alves) tentei abordar o que se divulgava na imprensa sobre ecologia. Comentava mat\u00e9rias de jornais e revistas, com uma vis\u00e3o mais acad\u00eamica, chegando, \u00e0s vezes, at\u00e9 um pouco ambientalista.<\/p>\n<p align=\"justify\">Alguns meses depois, devido a problemas particulares, interrompi as atividades do blog. Mas, n\u00e3o tinha mais jeito. Eu tinha sido infectado com o v\u00edrus da divulga\u00e7\u00e3o. Sentia falta de escrever, da intera\u00e7\u00e3o com as pessoas (poucas) que comentavam. Na \u00e2nsia de voltar, chamei meu grande amigo e irm\u00e3o Luiz Bento para assumir comigo a retomada dessa empreitada. Bem, essa foi uma das a\u00e7\u00f5es mais acertadas que poderia tomar. T\u00e3o ou mais preparado que eu (fico com a segunda alternativa), Luiz foi respons\u00e1vel por grandes mudan\u00e7as.<\/p>\n<p align=\"justify\">Agora o blog tinha dois respons\u00e1veis. O foco mudou. Observ\u00e1vamos um crescente aumento de divulga\u00e7\u00e3o ambientalista. Todos eram capazes de escrever sobre ecologia, mas n\u00e3o saiam do senso-comum. E isso foi o grande combust\u00edvel de nossa jornada. Escrevemos sobre ecologia, mas com um olhar mais cr\u00edtico, mais cient\u00edfico e menos ambientalista. Por\u00e9m, prezando sempre uma linguagem mais palat\u00e1vel, mais acess\u00edvel ao grande p\u00fablico. \u00c9 claro que leves pitadas de humor e revolta ser\u00e3o recursos amplamente utilizados.<\/p>\n<p align=\"justify\">N\u00e3o nos focamos somente em ecologia. Questionamos o status quo do pensamento cient\u00edfico atual, e, n\u00e3o menos importante, o status quo da academia brasileira. Questionamento estes sobre nossos pontos de vista. Mas sempre tendo em mente a pergunta que n\u00e3o quer calar: Estamos fazendo ci\u00eancia para quem?<\/p>\n<h1>Sobre o banner e fundo<\/h1>\n<p>Criar um banner \u00e9 algo realmente dif\u00edcil, ainda mais para um blog sobre ecologia. Muitos podem ficar chocados da primeira vez que olham, pois esperavam algo com \u00e1rvores, todo verde e encontram um bicho estranho, todo em preto e branco. Procuramos atrav\u00e9s do banner ressaltar o car\u00e1ter da Ecologia como ci\u00eancia e n\u00e3o como ela vem sendo tratada pela m\u00eddia e pela blogosfera. Definindo Ecologia:<\/p>\n<blockquote>\n<p align=\"justify\">O estudo cient\u00edfico da distribui\u00e7\u00e3o e abund\u00e2ncia de organismos e as intera\u00e7\u00f5es que determinam a distribui\u00e7\u00e3o e abund\u00e2ncia<\/p>\n<\/blockquote>\n<p align=\"right\">Begon M. et al. (2006)<\/p>\n<p align=\"justify\">O animal que introduz o nosso blog \u00e9 um equinoderma, mas especificamente chamado de<em>Astrophyton darwinium<\/em>. Diferente de uma estrela-do-mar, os ofi\u00faros (classe Ophiuroidea) apresentam bra\u00e7os mais bem demarcados do disco central e n\u00e3o evertem seu est\u00f4mago para alimenta\u00e7\u00e3o. A esp\u00e9cie do desenho acima \u00e9 chamada popularmente de \u201cestrela-cesta\u201d devido ao seu modo de alimenta\u00e7\u00e3o. Eles saem do seu esconderijo no in\u00edcio da noite, direcionando os seus tent\u00e1culos para a correnteza. Quando um animal toca em seus bra\u00e7os (crust\u00e1ceos ou poliquetas em geral), o ap\u00eandice se enrosca para capturar a presa. A ingest\u00e3o \u00e9 feita normalmente depois do per\u00edodo noturno, sendo as presas transferidas dos bra\u00e7os para a boca. Os ofi\u00faros tem at\u00e9 um\u00a0<a href=\"http:\/\/home.att.net\/~ophiuroid\/\" target=\"_blank\" rel=\"noopener noreferrer\">s\u00edtio<\/a>\u00a0bem completo sobre eles, al\u00e9m de uma\u00a0<a href=\"http:\/\/www.marinespecies.org\/ophiuroidea\/\" target=\"_blank\" rel=\"noopener noreferrer\">base de dados mundial<\/a>\u00a0sobre o grupo.<\/p>\n<div align=\"center\"><a title=\"Basket star por derekkeats, no Flickr\" href=\"http:\/\/www.flickr.com\/photos\/dkeats\/3082886902\/\"><img fetchpriority=\"high\" decoding=\"async\" src=\"http:\/\/farm4.static.flickr.com\/3039\/3082886902_9da23900c5.jpg\" alt=\"Basket star\" width=\"500\" height=\"342\" \/><\/a><\/div>\n<p align=\"center\">Cr\u00e9dito:\u00a0<a href=\"http:\/\/www.flickr.com\/photos\/dkeats\/\" target=\"_blank\" rel=\"noopener noreferrer\">derekkeats<\/a><\/p>\n<p align=\"justify\">Mas porque este animal em espec\u00edfico? Bem, n\u00e3o \u00e9 um desenho qualquer. Ele foi feito pelo naturalista alem\u00e3o Ernst Haeckel, que dentre outros feitos, cunhou a palavra\u00a0<em>Ecologia<\/em>. Desenho do Haeckel descrevendo uma esp\u00e9cie que tem\u00a0<em>darwinium<\/em>\u00a0no nome. Algo poderia se encaixar melhor em nossa proposta?<\/p>\n<h3 align=\"justify\">Refer\u00eancias:<\/h3>\n<p align=\"justify\">Begon M, Townsend CR e Harper JL (2006). Ecology, from individuals to ecossystems. Blackwell publishing. Quarta edi\u00e7\u00e3o.<\/p>\n<p align=\"justify\">Brusca RC e Brusca GJ (2002). Invertebrates. Sinauer. Segunda edi\u00e7\u00e3o.<\/p>\n<p align=\"justify\">Ernst Haeckel (1904).\u00a0<a href=\"http:\/\/commons.wikimedia.org\/wiki\/Kunstformen_der_Natur\">Kunsformen der Natur<\/a>.<\/p>\n","protected":false},"excerpt":{"rendered":"<p>O Discutindo Ecologia come\u00e7ou como um trabalho para uma disciplina do meu curso de Licenciatura em Ci\u00eancias Biol\u00f3gicas. Realmente, n\u00e3o foi um come\u00e7o por causa de um motivo nobre. Por\u00e9m, foi um come\u00e7o. Nesta fase, eu (Breno Alves) tentei abordar o que se divulgava na imprensa sobre ecologia. Comentava mat\u00e9rias de jornais e revistas, com [&hellip;]<\/p>\n","protected":false},"author":483,"featured_media":704,"parent":0,"menu_order":0,"comment_status":"closed","ping_status":"open","template":"","meta":{"_et_pb_use_builder":"","_et_pb_old_content":"","_et_gb_content_width":"","_monsterinsights_skip_tracking":false,"_monsterinsights_sitenote_active":false,"_monsterinsights_sitenote_note":"","_monsterinsights_sitenote_category":0,"pgc_sgb_lightbox_settings":"","_vp_format_video_url":"","_vp_image_focal_point":[],"footnotes":""},"class_list":["post-1913","page","type-page","status-publish","has-post-thumbnail","hentry"],"_links":{"self":[{"href":"https:\/\/www.blogs.unicamp.br\/discutindoecologia\/wp-json\/wp\/v2\/pages\/1913","targetHints":{"allow":["GET"]}}],"collection":[{"href":"https:\/\/www.blogs.unicamp.br\/discutindoecologia\/wp-json\/wp\/v2\/pages"}],"about":[{"href":"https:\/\/www.blogs.unicamp.br\/discutindoecologia\/wp-json\/wp\/v2\/types\/page"}],"author":[{"embeddable":true,"href":"https:\/\/www.blogs.unicamp.br\/discutindoecologia\/wp-json\/wp\/v2\/users\/483"}],"replies":[{"embeddable":true,"href":"https:\/\/www.blogs.unicamp.br\/discutindoecologia\/wp-json\/wp\/v2\/comments?post=1913"}],"version-history":[{"count":0,"href":"https:\/\/www.blogs.unicamp.br\/discutindoecologia\/wp-json\/wp\/v2\/pages\/1913\/revisions"}],"wp:featuredmedia":[{"embeddable":true,"href":"https:\/\/www.blogs.unicamp.br\/discutindoecologia\/wp-json\/wp\/v2\/media\/704"}],"wp:attachment":[{"href":"https:\/\/www.blogs.unicamp.br\/discutindoecologia\/wp-json\/wp\/v2\/media?parent=1913"}],"curies":[{"name":"wp","href":"https:\/\/api.w.org\/{rel}","templated":true}]}}